{"id":8178,"date":"2026-04-30T17:48:47","date_gmt":"2026-04-30T15:48:47","guid":{"rendered":"https:\/\/www.iltemporale.it\/it\/?post_type=tribe_events&#038;p=8178"},"modified":"2026-04-30T19:30:50","modified_gmt":"2026-04-30T17:30:50","slug":"fili-sonori-intrecci-sinfonici","status":"publish","type":"tribe_events","link":"https:\/\/www.iltemporale.it\/it\/evento\/fili-sonori-intrecci-sinfonici\/","title":{"rendered":"Fili Sonori INTRECCI SINFONICI"},"content":{"rendered":"<h1><\/h1>\n<p>&nbsp;<\/p>\n<h4><em>Rassegna musicale dell\u2019Orchestra Giovanile BenTiVoglio<\/em><\/h4>\n<h1>Fili Sonori INTRECCI SINFONICI<\/h1>\n<p>&nbsp;<\/p>\n<h2><span style=\"color: #ff6600;\">Gioved\u00ec 4 giugno alle ore 21.00<\/span><\/h2>\n<p><em>Corte Comunale, via Emilia 92 &#8211; San Lazzaro di Savena BO<\/em><\/p>\n<p>&nbsp;<\/p>\n<p>L\u2019Orchestra Giovanile BenTiVoglio con grande gioia porta sul palco un progetto musicale che unisce passione, impegno e professionalit\u00e0. Il programma \u00e8 un vero viaggio musicale: dalle atmosfere solenni della musica classica con cui si aprir\u00e0 il concerto all\u2019energia travolgente delle grandi colonne sonore del cinema internazionale \u2013\u00a0<em>La Storia Infinita<\/em>,\u00a0<em>La Maschera di Zorro<\/em>,\u00a0<em>The Man in the Iron Mask\u00a0<\/em>\u2013 fino a brani brillanti e coinvolgenti come Bug\u2019s Bunny\u2019s Greatest Hits, Rocky Broadway e Go West.<\/p>\n<p>Non mancano momenti di emozione e leggerezza, come What a Wonderful World, e grandi classici della tradizione orchestrale, tra cui la celebre Marcia di Radetzky e Tuoni e Fulmini di Johann Strauss, che celebrano la musica come festa condivisa.<\/p>\n<p>I componenti dell\u2019Orchestra BenTiVoglio sono giovanissimi, ma hanno le idee chiare: crescere attraverso la musica, condividere emozioni autentiche con il pubblico e vivere ogni concerto come un\u2019esperienza di incontro, entusiasmo e bellezza nel segno della musica che unisce.<\/p>\n<p>&nbsp;<\/p>\n","protected":false},"excerpt":{"rendered":"<p>&nbsp; Rassegna musicale dell\u2019Orchestra Giovanile BenTiVoglio Fili Sonori INTRECCI SINFONICI &nbsp; Gioved\u00ec 4 giugno alle ore 21.00 Corte Comunale, via Emilia 92 &#8211; San Lazzaro di Savena BO &nbsp; L\u2019Orchestra [&hellip;]<\/p>\n","protected":false},"author":1,"featured_media":8179,"template":"","meta":{"site-sidebar-layout":"default","site-content-layout":"","ast-site-content-layout":"default","site-content-style":"default","site-sidebar-style":"default","ast-global-header-display":"","ast-banner-title-visibility":"","ast-main-header-display":"","ast-hfb-above-header-display":"","ast-hfb-below-header-display":"","ast-hfb-mobile-header-display":"","site-post-title":"","ast-breadcrumbs-content":"","ast-featured-img":"","footer-sml-layout":"","ast-disable-related-posts":"","theme-transparent-header-meta":"default","adv-header-id-meta":"","stick-header-meta":"","header-above-stick-meta":"","header-main-stick-meta":"","header-below-stick-meta":"","astra-migrate-meta-layouts":"set","ast-page-background-enabled":"default","ast-page-background-meta":{"desktop":{"background-color":"var(--ast-global-color-5)","background-image":"","background-repeat":"repeat","background-position":"center center","background-size":"auto","background-attachment":"scroll","background-type":"","background-media":"","overlay-type":"","overlay-color":"","overlay-opacity":"","overlay-gradient":""},"tablet":{"background-color":"","background-image":"","background-repeat":"repeat","background-position":"center center","background-size":"auto","background-attachment":"scroll","background-type":"","background-media":"","overlay-type":"","overlay-color":"","overlay-opacity":"","overlay-gradient":""},"mobile":{"background-color":"","background-image":"","background-repeat":"repeat","background-position":"center center","background-size":"auto","background-attachment":"scroll","background-type":"","background-media":"","overlay-type":"","overlay-color":"","overlay-opacity":"","overlay-gradient":""}},"ast-content-background-meta":{"desktop":{"background-color":"var(--ast-global-color-4)","background-image":"","background-repeat":"repeat","background-position":"center center","background-size":"auto","background-attachment":"scroll","background-type":"","background-media":"","overlay-type":"","overlay-color":"","overlay-opacity":"","overlay-gradient":""},"tablet":{"background-color":"var(--ast-global-color-4)","background-image":"","background-repeat":"repeat","background-position":"center center","background-size":"auto","background-attachment":"scroll","background-type":"","background-media":"","overlay-type":"","overlay-color":"","overlay-opacity":"","overlay-gradient":""},"mobile":{"background-color":"var(--ast-global-color-4)","background-image":"","background-repeat":"repeat","background-position":"center center","background-size":"auto","background-attachment":"scroll","background-type":"","background-media":"","overlay-type":"","overlay-color":"","overlay-opacity":"","overlay-gradient":""}},"_tribe_events_status":"","_tribe_events_status_reason":"","footnotes":""},"tags":[15,52],"tribe_events_cat":[27,36],"class_list":["post-8178","tribe_events","type-tribe_events","status-publish","has-post-thumbnail","hentry","tag-evento","tag-orchestra-giovanile-bentivoglio","tribe_events_cat-evento","tribe_events_cat-orchestra-giovanile","cat_evento","cat_orchestra-giovanile"],"yoast_head":"<!-- This site is optimized with the Yoast SEO plugin v27.5 - https:\/\/yoast.com\/product\/yoast-seo-wordpress\/ -->\r\n<title>Fili Sonori INTRECCI SINFONICI -<\/title>\r\n<meta name=\"description\" content=\"Orchestra Giovanile BenTiVoglio Fili Sonori INTRECCI SINFONICI Gioved\u00ec 4 giugno ore 21.00 Corte Comunale, via Emilia 92 San Lazzaro di Savena\" \/>\r\n<meta name=\"robots\" content=\"index, follow, max-snippet:-1, max-image-preview:large, max-video-preview:-1\" \/>\r\n<link rel=\"canonical\" href=\"https:\/\/www.iltemporale.it\/it\/evento\/fili-sonori-intrecci-sinfonici\/\" \/>\r\n<meta property=\"og:locale\" content=\"it_IT\" \/>\r\n<meta property=\"og:type\" content=\"article\" \/>\r\n<meta property=\"og:title\" content=\"Fili Sonori INTRECCI SINFONICI -\" \/>\r\n<meta property=\"og:description\" content=\"Orchestra Giovanile BenTiVoglio Fili Sonori INTRECCI SINFONICI Gioved\u00ec 4 giugno ore 21.00 Corte Comunale, via Emilia 92 San Lazzaro di Savena\" \/>\r\n<meta property=\"og:url\" content=\"https:\/\/www.iltemporale.it\/it\/evento\/fili-sonori-intrecci-sinfonici\/\" \/>\r\n<meta property=\"article:publisher\" content=\"https:\/\/www.facebook.com\/pages\/category\/Nonprofit-Organization\/ASSOCIAZIONE-CULTURALE-IL-TEMPORALE-140967012635154\/\" \/>\r\n<meta property=\"article:modified_time\" content=\"2026-04-30T17:30:50+00:00\" \/>\r\n<meta property=\"og:image\" content=\"https:\/\/www.iltemporale.it\/it\/wp-content\/uploads\/2026\/04\/Fili-Sonori-INTRECCI-SINFONICI.jpg\" \/>\r\n\t<meta property=\"og:image:width\" content=\"467\" \/>\r\n\t<meta property=\"og:image:height\" content=\"713\" \/>\r\n\t<meta property=\"og:image:type\" content=\"image\/jpeg\" \/>\r\n<meta name=\"twitter:card\" content=\"summary_large_image\" \/>\r\n<meta name=\"twitter:label1\" content=\"Tempo di lettura stimato\" \/>\n\t<meta name=\"twitter:data1\" content=\"2 minuti\" \/>\r\n<script type=\"application\/ld+json\" class=\"yoast-schema-graph\">{\"@context\":\"https:\\\/\\\/schema.org\",\"@graph\":[{\"@type\":\"WebPage\",\"@id\":\"https:\\\/\\\/www.iltemporale.it\\\/it\\\/evento\\\/fili-sonori-intrecci-sinfonici\\\/\",\"url\":\"https:\\\/\\\/www.iltemporale.it\\\/it\\\/evento\\\/fili-sonori-intrecci-sinfonici\\\/\",\"name\":\"Fili Sonori INTRECCI SINFONICI -\",\"isPartOf\":{\"@id\":\"https:\\\/\\\/www.iltemporale.it\\\/it\\\/#website\"},\"primaryImageOfPage\":{\"@id\":\"https:\\\/\\\/www.iltemporale.it\\\/it\\\/evento\\\/fili-sonori-intrecci-sinfonici\\\/#primaryimage\"},\"image\":{\"@id\":\"https:\\\/\\\/www.iltemporale.it\\\/it\\\/evento\\\/fili-sonori-intrecci-sinfonici\\\/#primaryimage\"},\"thumbnailUrl\":\"https:\\\/\\\/www.iltemporale.it\\\/it\\\/wp-content\\\/uploads\\\/2026\\\/04\\\/Fili-Sonori-INTRECCI-SINFONICI.jpg\",\"datePublished\":\"2026-04-30T15:48:47+00:00\",\"dateModified\":\"2026-04-30T17:30:50+00:00\",\"description\":\"Orchestra Giovanile BenTiVoglio Fili Sonori INTRECCI SINFONICI Gioved\u00ec 4 giugno ore 21.00 Corte Comunale, via Emilia 92 San Lazzaro di Savena\",\"breadcrumb\":{\"@id\":\"https:\\\/\\\/www.iltemporale.it\\\/it\\\/evento\\\/fili-sonori-intrecci-sinfonici\\\/#breadcrumb\"},\"inLanguage\":\"it-IT\",\"potentialAction\":[{\"@type\":\"ReadAction\",\"target\":[\"https:\\\/\\\/www.iltemporale.it\\\/it\\\/evento\\\/fili-sonori-intrecci-sinfonici\\\/\"]}]},{\"@type\":\"ImageObject\",\"inLanguage\":\"it-IT\",\"@id\":\"https:\\\/\\\/www.iltemporale.it\\\/it\\\/evento\\\/fili-sonori-intrecci-sinfonici\\\/#primaryimage\",\"url\":\"https:\\\/\\\/www.iltemporale.it\\\/it\\\/wp-content\\\/uploads\\\/2026\\\/04\\\/Fili-Sonori-INTRECCI-SINFONICI.jpg\",\"contentUrl\":\"https:\\\/\\\/www.iltemporale.it\\\/it\\\/wp-content\\\/uploads\\\/2026\\\/04\\\/Fili-Sonori-INTRECCI-SINFONICI.jpg\",\"width\":467,\"height\":713},{\"@type\":\"BreadcrumbList\",\"@id\":\"https:\\\/\\\/www.iltemporale.it\\\/it\\\/evento\\\/fili-sonori-intrecci-sinfonici\\\/#breadcrumb\",\"itemListElement\":[{\"@type\":\"ListItem\",\"position\":1,\"name\":\"Home\",\"item\":\"https:\\\/\\\/www.iltemporale.it\\\/it\\\/\"},{\"@type\":\"ListItem\",\"position\":2,\"name\":\"Eventi\",\"item\":\"https:\\\/\\\/www.iltemporale.it\\\/it\\\/eventi\\\/\"},{\"@type\":\"ListItem\",\"position\":3,\"name\":\"Fili Sonori INTRECCI SINFONICI\"}]},{\"@type\":\"WebSite\",\"@id\":\"https:\\\/\\\/www.iltemporale.it\\\/it\\\/#website\",\"url\":\"https:\\\/\\\/www.iltemporale.it\\\/it\\\/\",\"name\":\"Il Temporale Associazione Culturale\",\"description\":\"\",\"publisher\":{\"@id\":\"https:\\\/\\\/www.iltemporale.it\\\/it\\\/#organization\"},\"potentialAction\":[{\"@type\":\"SearchAction\",\"target\":{\"@type\":\"EntryPoint\",\"urlTemplate\":\"https:\\\/\\\/www.iltemporale.it\\\/it\\\/?s={search_term_string}\"},\"query-input\":{\"@type\":\"PropertyValueSpecification\",\"valueRequired\":true,\"valueName\":\"search_term_string\"}}],\"inLanguage\":\"it-IT\"},{\"@type\":\"Organization\",\"@id\":\"https:\\\/\\\/www.iltemporale.it\\\/it\\\/#organization\",\"name\":\"ASSOCIAZIONE CULTURALE IL TEMPORALE APS\",\"url\":\"https:\\\/\\\/www.iltemporale.it\\\/it\\\/\",\"logo\":{\"@type\":\"ImageObject\",\"inLanguage\":\"it-IT\",\"@id\":\"https:\\\/\\\/www.iltemporale.it\\\/it\\\/#\\\/schema\\\/logo\\\/image\\\/\",\"url\":\"https:\\\/\\\/www.iltemporale.it\\\/it\\\/wp-content\\\/uploads\\\/2025\\\/11\\\/cropped-cropped-Logo-IL-TEMPORALE-1.jpg\",\"contentUrl\":\"https:\\\/\\\/www.iltemporale.it\\\/it\\\/wp-content\\\/uploads\\\/2025\\\/11\\\/cropped-cropped-Logo-IL-TEMPORALE-1.jpg\",\"width\":2174,\"height\":1093,\"caption\":\"ASSOCIAZIONE CULTURALE IL TEMPORALE APS\"},\"image\":{\"@id\":\"https:\\\/\\\/www.iltemporale.it\\\/it\\\/#\\\/schema\\\/logo\\\/image\\\/\"},\"sameAs\":[\"https:\\\/\\\/www.facebook.com\\\/pages\\\/category\\\/Nonprofit-Organization\\\/ASSOCIAZIONE-CULTURALE-IL-TEMPORALE-140967012635154\\\/\",\"https:\\\/\\\/www.instagram.com\\\/iltemporaleaps\\\/\",\"https:\\\/\\\/www.youtube.com\\\/@scuoladimusicailtemporale7327\"]}]}<\/script>\r\n<!-- \/ Yoast SEO plugin. -->","yoast_head_json":{"title":"Fili Sonori INTRECCI SINFONICI -","description":"Orchestra Giovanile BenTiVoglio Fili Sonori INTRECCI SINFONICI Gioved\u00ec 4 giugno ore 21.00 Corte Comunale, via Emilia 92 San Lazzaro di Savena","robots":{"index":"index","follow":"follow","max-snippet":"max-snippet:-1","max-image-preview":"max-image-preview:large","max-video-preview":"max-video-preview:-1"},"canonical":"https:\/\/www.iltemporale.it\/it\/evento\/fili-sonori-intrecci-sinfonici\/","og_locale":"it_IT","og_type":"article","og_title":"Fili Sonori INTRECCI SINFONICI -","og_description":"Orchestra Giovanile BenTiVoglio Fili Sonori INTRECCI SINFONICI Gioved\u00ec 4 giugno ore 21.00 Corte Comunale, via Emilia 92 San Lazzaro di Savena","og_url":"https:\/\/www.iltemporale.it\/it\/evento\/fili-sonori-intrecci-sinfonici\/","article_publisher":"https:\/\/www.facebook.com\/pages\/category\/Nonprofit-Organization\/ASSOCIAZIONE-CULTURALE-IL-TEMPORALE-140967012635154\/","article_modified_time":"2026-04-30T17:30:50+00:00","og_image":[{"width":467,"height":713,"url":"https:\/\/www.iltemporale.it\/it\/wp-content\/uploads\/2026\/04\/Fili-Sonori-INTRECCI-SINFONICI.jpg","type":"image\/jpeg"}],"twitter_card":"summary_large_image","twitter_misc":{"Tempo di lettura stimato":"2 minuti"},"schema":{"@context":"https:\/\/schema.org","@graph":[{"@type":"WebPage","@id":"https:\/\/www.iltemporale.it\/it\/evento\/fili-sonori-intrecci-sinfonici\/","url":"https:\/\/www.iltemporale.it\/it\/evento\/fili-sonori-intrecci-sinfonici\/","name":"Fili Sonori INTRECCI SINFONICI -","isPartOf":{"@id":"https:\/\/www.iltemporale.it\/it\/#website"},"primaryImageOfPage":{"@id":"https:\/\/www.iltemporale.it\/it\/evento\/fili-sonori-intrecci-sinfonici\/#primaryimage"},"image":{"@id":"https:\/\/www.iltemporale.it\/it\/evento\/fili-sonori-intrecci-sinfonici\/#primaryimage"},"thumbnailUrl":"https:\/\/www.iltemporale.it\/it\/wp-content\/uploads\/2026\/04\/Fili-Sonori-INTRECCI-SINFONICI.jpg","datePublished":"2026-04-30T15:48:47+00:00","dateModified":"2026-04-30T17:30:50+00:00","description":"Orchestra Giovanile BenTiVoglio Fili Sonori INTRECCI SINFONICI Gioved\u00ec 4 giugno ore 21.00 Corte Comunale, via Emilia 92 San Lazzaro di Savena","breadcrumb":{"@id":"https:\/\/www.iltemporale.it\/it\/evento\/fili-sonori-intrecci-sinfonici\/#breadcrumb"},"inLanguage":"it-IT","potentialAction":[{"@type":"ReadAction","target":["https:\/\/www.iltemporale.it\/it\/evento\/fili-sonori-intrecci-sinfonici\/"]}]},{"@type":"ImageObject","inLanguage":"it-IT","@id":"https:\/\/www.iltemporale.it\/it\/evento\/fili-sonori-intrecci-sinfonici\/#primaryimage","url":"https:\/\/www.iltemporale.it\/it\/wp-content\/uploads\/2026\/04\/Fili-Sonori-INTRECCI-SINFONICI.jpg","contentUrl":"https:\/\/www.iltemporale.it\/it\/wp-content\/uploads\/2026\/04\/Fili-Sonori-INTRECCI-SINFONICI.jpg","width":467,"height":713},{"@type":"BreadcrumbList","@id":"https:\/\/www.iltemporale.it\/it\/evento\/fili-sonori-intrecci-sinfonici\/#breadcrumb","itemListElement":[{"@type":"ListItem","position":1,"name":"Home","item":"https:\/\/www.iltemporale.it\/it\/"},{"@type":"ListItem","position":2,"name":"Eventi","item":"https:\/\/www.iltemporale.it\/it\/eventi\/"},{"@type":"ListItem","position":3,"name":"Fili Sonori INTRECCI SINFONICI"}]},{"@type":"WebSite","@id":"https:\/\/www.iltemporale.it\/it\/#website","url":"https:\/\/www.iltemporale.it\/it\/","name":"Il Temporale Associazione Culturale","description":"","publisher":{"@id":"https:\/\/www.iltemporale.it\/it\/#organization"},"potentialAction":[{"@type":"SearchAction","target":{"@type":"EntryPoint","urlTemplate":"https:\/\/www.iltemporale.it\/it\/?s={search_term_string}"},"query-input":{"@type":"PropertyValueSpecification","valueRequired":true,"valueName":"search_term_string"}}],"inLanguage":"it-IT"},{"@type":"Organization","@id":"https:\/\/www.iltemporale.it\/it\/#organization","name":"ASSOCIAZIONE CULTURALE IL TEMPORALE APS","url":"https:\/\/www.iltemporale.it\/it\/","logo":{"@type":"ImageObject","inLanguage":"it-IT","@id":"https:\/\/www.iltemporale.it\/it\/#\/schema\/logo\/image\/","url":"https:\/\/www.iltemporale.it\/it\/wp-content\/uploads\/2025\/11\/cropped-cropped-Logo-IL-TEMPORALE-1.jpg","contentUrl":"https:\/\/www.iltemporale.it\/it\/wp-content\/uploads\/2025\/11\/cropped-cropped-Logo-IL-TEMPORALE-1.jpg","width":2174,"height":1093,"caption":"ASSOCIAZIONE CULTURALE IL TEMPORALE APS"},"image":{"@id":"https:\/\/www.iltemporale.it\/it\/#\/schema\/logo\/image\/"},"sameAs":["https:\/\/www.facebook.com\/pages\/category\/Nonprofit-Organization\/ASSOCIAZIONE-CULTURALE-IL-TEMPORALE-140967012635154\/","https:\/\/www.instagram.com\/iltemporaleaps\/","https:\/\/www.youtube.com\/@scuoladimusicailtemporale7327"]}]}},"_links":{"self":[{"href":"https:\/\/www.iltemporale.it\/it\/wp-json\/wp\/v2\/tribe_events\/8178","targetHints":{"allow":["GET"]}}],"collection":[{"href":"https:\/\/www.iltemporale.it\/it\/wp-json\/wp\/v2\/tribe_events"}],"about":[{"href":"https:\/\/www.iltemporale.it\/it\/wp-json\/wp\/v2\/types\/tribe_events"}],"author":[{"embeddable":true,"href":"https:\/\/www.iltemporale.it\/it\/wp-json\/wp\/v2\/users\/1"}],"version-history":[{"count":2,"href":"https:\/\/www.iltemporale.it\/it\/wp-json\/wp\/v2\/tribe_events\/8178\/revisions"}],"predecessor-version":[{"id":8181,"href":"https:\/\/www.iltemporale.it\/it\/wp-json\/wp\/v2\/tribe_events\/8178\/revisions\/8181"}],"wp:featuredmedia":[{"embeddable":true,"href":"https:\/\/www.iltemporale.it\/it\/wp-json\/wp\/v2\/media\/8179"}],"wp:attachment":[{"href":"https:\/\/www.iltemporale.it\/it\/wp-json\/wp\/v2\/media?parent=8178"}],"wp:term":[{"taxonomy":"post_tag","embeddable":true,"href":"https:\/\/www.iltemporale.it\/it\/wp-json\/wp\/v2\/tags?post=8178"},{"taxonomy":"tribe_events_cat","embeddable":true,"href":"https:\/\/www.iltemporale.it\/it\/wp-json\/wp\/v2\/tribe_events_cat?post=8178"}],"curies":[{"name":"wp","href":"https:\/\/api.w.org\/{rel}","templated":true}]}}