{"id":4520,"date":"2021-10-26T16:58:45","date_gmt":"2021-10-26T15:58:45","guid":{"rendered":"http:\/\/www.iltemporale.it\/it\/?post_type=tribe_events&#038;p=4520"},"modified":"2021-10-26T17:46:19","modified_gmt":"2021-10-26T16:46:19","slug":"condivertimentocerto-duo-baldo-2","status":"publish","type":"tribe_events","link":"https:\/\/www.iltemporale.it\/it\/evento\/condivertimentocerto-duo-baldo-2\/","title":{"rendered":"CON divertimento CERTO &#8211; Duo Baldo"},"content":{"rendered":"<h3><strong>INGRESSO GRATUITO<\/strong>\u00a0\u00a0<strong>\u2192<\/strong>\u00a0\u00a0<a href=\"http:\/\/teze.statocivile.it:7070\/\"><strong>PRENOTAZIONE OBBLIGATORIA<\/strong><\/a><\/h3>\n<p>&nbsp;<\/p>\n<h1>CONdivertimentoCERTO<\/h1>\n<h2>Duo Baldo<\/h2>\n<h3>BRAD REPP violino<\/h3>\n<h3>ALDO GENTILESCHI pianoforte<\/h3>\n<p>&#8220;Straordinario violinista e funambolico pianista per un concerto fuori dall&#8217;ordinario. Ridere con la musica classica.&#8221;<\/p>\n<p>Suonare , giocare , in Italiano sono termini distinti.<\/p>\n<p>Non cos\u00ec in Inglese, Tedesco e Francese. Cosa pu\u00f2 accadere se un musicista &#8220;Serio&#8221; si trova a suonare con un altro musicista per il quale fare musica \u00e8 anche &#8220;giocare&#8221;? Quali relazioni si verrebbero a stabilire tra i due? Come reagirebbero l&#8217;uno a contatto con l&#8217;altro ?<\/p>\n<p>Dalle risposte a queste domande \u00e8 scaturito uno spettacolo che propone un modo diverso di accostarsi al mondo della musica classica. Scherzi, tic, provocazioni musicali diventano il tessuto dello spettacolo nel quale la musica si coniuga con il divertimento. Cos\u00ec lo spettacolo risponde ad una partitura di sinfonia, nella quale, naturalmente, tra tutti i movimenti prevale&#8230; l&#8217;allegro.<\/p>\n<p>&nbsp;<\/p>\n<h3><strong>INGRESSO GRATUITO<\/strong>\u00a0\u00a0<strong>\u2192<\/strong>\u00a0\u00a0<a href=\"http:\/\/teze.statocivile.it:7070\/\"><strong>PRENOTAZIONE OBBLIGATORIA<\/strong><\/a><\/h3>\n<p>&nbsp;<\/p>\n<h3>\u25ba<a href=\"http:\/\/www.iltemporale.it\/it\/xxv-festival-2021\/\"> <strong>FESTIVAL MUSICA DA CAMERA 2021<\/strong><\/a><\/h3>\n<h3>\u25ba <a href=\"http:\/\/www.iltemporale.it\/it\/eventi\/\">CALENDARIO EVENTI<\/a><\/h3>\n","protected":false},"excerpt":{"rendered":"<p>INGRESSO GRATUITO\u00a0\u00a0\u2192\u00a0\u00a0PRENOTAZIONE OBBLIGATORIA &nbsp; CONdivertimentoCERTO Duo Baldo BRAD REPP violino ALDO GENTILESCHI pianoforte &#8220;Straordinario violinista e funambolico pianista per un concerto fuori dall&#8217;ordinario. Ridere con la musica classica.&#8221; Suonare , [&hellip;]<\/p>\n","protected":false},"author":1,"featured_media":4521,"template":"","meta":{"site-sidebar-layout":"default","site-content-layout":"","ast-site-content-layout":"default","site-content-style":"default","site-sidebar-style":"default","ast-global-header-display":"","ast-banner-title-visibility":"","ast-main-header-display":"","ast-hfb-above-header-display":"","ast-hfb-below-header-display":"","ast-hfb-mobile-header-display":"","site-post-title":"","ast-breadcrumbs-content":"","ast-featured-img":"","footer-sml-layout":"","ast-disable-related-posts":"","theme-transparent-header-meta":"","adv-header-id-meta":"","stick-header-meta":"","header-above-stick-meta":"","header-main-stick-meta":"","header-below-stick-meta":"","astra-migrate-meta-layouts":"default","ast-page-background-enabled":"default","ast-page-background-meta":{"desktop":{"background-color":"var(--ast-global-color-5)","background-image":"","background-repeat":"repeat","background-position":"center center","background-size":"auto","background-attachment":"scroll","background-type":"","background-media":"","overlay-type":"","overlay-color":"","overlay-opacity":"","overlay-gradient":""},"tablet":{"background-color":"","background-image":"","background-repeat":"repeat","background-position":"center center","background-size":"auto","background-attachment":"scroll","background-type":"","background-media":"","overlay-type":"","overlay-color":"","overlay-opacity":"","overlay-gradient":""},"mobile":{"background-color":"","background-image":"","background-repeat":"repeat","background-position":"center center","background-size":"auto","background-attachment":"scroll","background-type":"","background-media":"","overlay-type":"","overlay-color":"","overlay-opacity":"","overlay-gradient":""}},"ast-content-background-meta":{"desktop":{"background-color":"var(--ast-global-color-4)","background-image":"","background-repeat":"repeat","background-position":"center center","background-size":"auto","background-attachment":"scroll","background-type":"","background-media":"","overlay-type":"","overlay-color":"","overlay-opacity":"","overlay-gradient":""},"tablet":{"background-color":"var(--ast-global-color-4)","background-image":"","background-repeat":"repeat","background-position":"center center","background-size":"auto","background-attachment":"scroll","background-type":"","background-media":"","overlay-type":"","overlay-color":"","overlay-opacity":"","overlay-gradient":""},"mobile":{"background-color":"var(--ast-global-color-4)","background-image":"","background-repeat":"repeat","background-position":"center center","background-size":"auto","background-attachment":"scroll","background-type":"","background-media":"","overlay-type":"","overlay-color":"","overlay-opacity":"","overlay-gradient":""}},"_tribe_events_status":"","_tribe_events_status_reason":"","footnotes":""},"tags":[10,15,22],"tribe_events_cat":[28],"class_list":["post-4520","tribe_events","type-tribe_events","status-publish","has-post-thumbnail","hentry","tag-concerto","tag-evento","tag-festival-musica-da-camera","tribe_events_cat-festival-musica-da-camera","cat_festival-musica-da-camera"],"yoast_head":"<!-- This site is optimized with the Yoast SEO plugin v27.5 - https:\/\/yoast.com\/product\/yoast-seo-wordpress\/ -->\r\n<title>CON divertimento CERTO - Duo Baldo -<\/title>\r\n<meta name=\"description\" content=\"CONdivertimentoCERTO,Duo Baldo - BRAD REPP violino, ALDO GENTILESCHI pianoforte. Straordinario violinista e funambolico pianista.\" \/>\r\n<meta name=\"robots\" content=\"index, follow, max-snippet:-1, max-image-preview:large, max-video-preview:-1\" \/>\r\n<link rel=\"canonical\" href=\"https:\/\/www.iltemporale.it\/it\/evento\/condivertimentocerto-duo-baldo-2\/\" \/>\r\n<meta property=\"og:locale\" content=\"it_IT\" \/>\r\n<meta property=\"og:type\" content=\"article\" \/>\r\n<meta property=\"og:title\" content=\"CON divertimento CERTO - Duo Baldo -\" \/>\r\n<meta property=\"og:description\" content=\"CONdivertimentoCERTO,Duo Baldo - BRAD REPP violino, ALDO GENTILESCHI pianoforte. Straordinario violinista e funambolico pianista.\" \/>\r\n<meta property=\"og:url\" content=\"https:\/\/www.iltemporale.it\/it\/evento\/condivertimentocerto-duo-baldo-2\/\" \/>\r\n<meta property=\"article:publisher\" content=\"https:\/\/www.facebook.com\/pages\/category\/Nonprofit-Organization\/ASSOCIAZIONE-CULTURALE-IL-TEMPORALE-140967012635154\/\" \/>\r\n<meta property=\"article:modified_time\" content=\"2021-10-26T16:46:19+00:00\" \/>\r\n<meta property=\"og:image\" content=\"https:\/\/www.iltemporale.it\/it\/wp-content\/uploads\/2021\/10\/Duo-Baldo-e1635263899377.jpg\" \/>\r\n\t<meta property=\"og:image:width\" content=\"333\" \/>\r\n\t<meta property=\"og:image:height\" content=\"500\" \/>\r\n\t<meta property=\"og:image:type\" content=\"image\/jpeg\" \/>\r\n<meta name=\"twitter:card\" content=\"summary_large_image\" \/>\r\n<meta name=\"twitter:label1\" content=\"Tempo di lettura stimato\" \/>\n\t<meta name=\"twitter:data1\" content=\"1 minuto\" \/>\r\n<script type=\"application\/ld+json\" class=\"yoast-schema-graph\">{\"@context\":\"https:\\\/\\\/schema.org\",\"@graph\":[{\"@type\":\"WebPage\",\"@id\":\"https:\\\/\\\/www.iltemporale.it\\\/it\\\/evento\\\/condivertimentocerto-duo-baldo-2\\\/\",\"url\":\"https:\\\/\\\/www.iltemporale.it\\\/it\\\/evento\\\/condivertimentocerto-duo-baldo-2\\\/\",\"name\":\"CON divertimento CERTO - Duo Baldo -\",\"isPartOf\":{\"@id\":\"https:\\\/\\\/www.iltemporale.it\\\/it\\\/#website\"},\"primaryImageOfPage\":{\"@id\":\"https:\\\/\\\/www.iltemporale.it\\\/it\\\/evento\\\/condivertimentocerto-duo-baldo-2\\\/#primaryimage\"},\"image\":{\"@id\":\"https:\\\/\\\/www.iltemporale.it\\\/it\\\/evento\\\/condivertimentocerto-duo-baldo-2\\\/#primaryimage\"},\"thumbnailUrl\":\"https:\\\/\\\/www.iltemporale.it\\\/it\\\/wp-content\\\/uploads\\\/2021\\\/10\\\/Duo-Baldo-e1635263899377.jpg\",\"datePublished\":\"2021-10-26T15:58:45+00:00\",\"dateModified\":\"2021-10-26T16:46:19+00:00\",\"description\":\"CONdivertimentoCERTO,Duo Baldo - BRAD REPP violino, ALDO GENTILESCHI pianoforte. Straordinario violinista e funambolico pianista.\",\"breadcrumb\":{\"@id\":\"https:\\\/\\\/www.iltemporale.it\\\/it\\\/evento\\\/condivertimentocerto-duo-baldo-2\\\/#breadcrumb\"},\"inLanguage\":\"it-IT\",\"potentialAction\":[{\"@type\":\"ReadAction\",\"target\":[\"https:\\\/\\\/www.iltemporale.it\\\/it\\\/evento\\\/condivertimentocerto-duo-baldo-2\\\/\"]}]},{\"@type\":\"ImageObject\",\"inLanguage\":\"it-IT\",\"@id\":\"https:\\\/\\\/www.iltemporale.it\\\/it\\\/evento\\\/condivertimentocerto-duo-baldo-2\\\/#primaryimage\",\"url\":\"https:\\\/\\\/www.iltemporale.it\\\/it\\\/wp-content\\\/uploads\\\/2021\\\/10\\\/Duo-Baldo-e1635263899377.jpg\",\"contentUrl\":\"https:\\\/\\\/www.iltemporale.it\\\/it\\\/wp-content\\\/uploads\\\/2021\\\/10\\\/Duo-Baldo-e1635263899377.jpg\",\"width\":333,\"height\":500,\"caption\":\"Duo Baldo\"},{\"@type\":\"BreadcrumbList\",\"@id\":\"https:\\\/\\\/www.iltemporale.it\\\/it\\\/evento\\\/condivertimentocerto-duo-baldo-2\\\/#breadcrumb\",\"itemListElement\":[{\"@type\":\"ListItem\",\"position\":1,\"name\":\"Home\",\"item\":\"https:\\\/\\\/www.iltemporale.it\\\/it\\\/\"},{\"@type\":\"ListItem\",\"position\":2,\"name\":\"Eventi\",\"item\":\"https:\\\/\\\/www.iltemporale.it\\\/it\\\/eventi\\\/\"},{\"@type\":\"ListItem\",\"position\":3,\"name\":\"CON divertimento CERTO &#8211; Duo Baldo\"}]},{\"@type\":\"WebSite\",\"@id\":\"https:\\\/\\\/www.iltemporale.it\\\/it\\\/#website\",\"url\":\"https:\\\/\\\/www.iltemporale.it\\\/it\\\/\",\"name\":\"Il Temporale Associazione Culturale\",\"description\":\"\",\"publisher\":{\"@id\":\"https:\\\/\\\/www.iltemporale.it\\\/it\\\/#organization\"},\"potentialAction\":[{\"@type\":\"SearchAction\",\"target\":{\"@type\":\"EntryPoint\",\"urlTemplate\":\"https:\\\/\\\/www.iltemporale.it\\\/it\\\/?s={search_term_string}\"},\"query-input\":{\"@type\":\"PropertyValueSpecification\",\"valueRequired\":true,\"valueName\":\"search_term_string\"}}],\"inLanguage\":\"it-IT\"},{\"@type\":\"Organization\",\"@id\":\"https:\\\/\\\/www.iltemporale.it\\\/it\\\/#organization\",\"name\":\"ASSOCIAZIONE CULTURALE IL TEMPORALE APS\",\"url\":\"https:\\\/\\\/www.iltemporale.it\\\/it\\\/\",\"logo\":{\"@type\":\"ImageObject\",\"inLanguage\":\"it-IT\",\"@id\":\"https:\\\/\\\/www.iltemporale.it\\\/it\\\/#\\\/schema\\\/logo\\\/image\\\/\",\"url\":\"https:\\\/\\\/www.iltemporale.it\\\/it\\\/wp-content\\\/uploads\\\/2025\\\/11\\\/cropped-cropped-Logo-IL-TEMPORALE-1.jpg\",\"contentUrl\":\"https:\\\/\\\/www.iltemporale.it\\\/it\\\/wp-content\\\/uploads\\\/2025\\\/11\\\/cropped-cropped-Logo-IL-TEMPORALE-1.jpg\",\"width\":2174,\"height\":1093,\"caption\":\"ASSOCIAZIONE CULTURALE IL TEMPORALE APS\"},\"image\":{\"@id\":\"https:\\\/\\\/www.iltemporale.it\\\/it\\\/#\\\/schema\\\/logo\\\/image\\\/\"},\"sameAs\":[\"https:\\\/\\\/www.facebook.com\\\/pages\\\/category\\\/Nonprofit-Organization\\\/ASSOCIAZIONE-CULTURALE-IL-TEMPORALE-140967012635154\\\/\",\"https:\\\/\\\/www.instagram.com\\\/iltemporaleaps\\\/\",\"https:\\\/\\\/www.youtube.com\\\/@scuoladimusicailtemporale7327\"]}]}<\/script>\r\n<!-- \/ Yoast SEO plugin. -->","yoast_head_json":{"title":"CON divertimento CERTO - Duo Baldo -","description":"CONdivertimentoCERTO,Duo Baldo - BRAD REPP violino, ALDO GENTILESCHI pianoforte. Straordinario violinista e funambolico pianista.","robots":{"index":"index","follow":"follow","max-snippet":"max-snippet:-1","max-image-preview":"max-image-preview:large","max-video-preview":"max-video-preview:-1"},"canonical":"https:\/\/www.iltemporale.it\/it\/evento\/condivertimentocerto-duo-baldo-2\/","og_locale":"it_IT","og_type":"article","og_title":"CON divertimento CERTO - Duo Baldo -","og_description":"CONdivertimentoCERTO,Duo Baldo - BRAD REPP violino, ALDO GENTILESCHI pianoforte. Straordinario violinista e funambolico pianista.","og_url":"https:\/\/www.iltemporale.it\/it\/evento\/condivertimentocerto-duo-baldo-2\/","article_publisher":"https:\/\/www.facebook.com\/pages\/category\/Nonprofit-Organization\/ASSOCIAZIONE-CULTURALE-IL-TEMPORALE-140967012635154\/","article_modified_time":"2021-10-26T16:46:19+00:00","og_image":[{"width":333,"height":500,"url":"https:\/\/www.iltemporale.it\/it\/wp-content\/uploads\/2021\/10\/Duo-Baldo-e1635263899377.jpg","type":"image\/jpeg"}],"twitter_card":"summary_large_image","twitter_misc":{"Tempo di lettura stimato":"1 minuto"},"schema":{"@context":"https:\/\/schema.org","@graph":[{"@type":"WebPage","@id":"https:\/\/www.iltemporale.it\/it\/evento\/condivertimentocerto-duo-baldo-2\/","url":"https:\/\/www.iltemporale.it\/it\/evento\/condivertimentocerto-duo-baldo-2\/","name":"CON divertimento CERTO - Duo Baldo -","isPartOf":{"@id":"https:\/\/www.iltemporale.it\/it\/#website"},"primaryImageOfPage":{"@id":"https:\/\/www.iltemporale.it\/it\/evento\/condivertimentocerto-duo-baldo-2\/#primaryimage"},"image":{"@id":"https:\/\/www.iltemporale.it\/it\/evento\/condivertimentocerto-duo-baldo-2\/#primaryimage"},"thumbnailUrl":"https:\/\/www.iltemporale.it\/it\/wp-content\/uploads\/2021\/10\/Duo-Baldo-e1635263899377.jpg","datePublished":"2021-10-26T15:58:45+00:00","dateModified":"2021-10-26T16:46:19+00:00","description":"CONdivertimentoCERTO,Duo Baldo - BRAD REPP violino, ALDO GENTILESCHI pianoforte. Straordinario violinista e funambolico pianista.","breadcrumb":{"@id":"https:\/\/www.iltemporale.it\/it\/evento\/condivertimentocerto-duo-baldo-2\/#breadcrumb"},"inLanguage":"it-IT","potentialAction":[{"@type":"ReadAction","target":["https:\/\/www.iltemporale.it\/it\/evento\/condivertimentocerto-duo-baldo-2\/"]}]},{"@type":"ImageObject","inLanguage":"it-IT","@id":"https:\/\/www.iltemporale.it\/it\/evento\/condivertimentocerto-duo-baldo-2\/#primaryimage","url":"https:\/\/www.iltemporale.it\/it\/wp-content\/uploads\/2021\/10\/Duo-Baldo-e1635263899377.jpg","contentUrl":"https:\/\/www.iltemporale.it\/it\/wp-content\/uploads\/2021\/10\/Duo-Baldo-e1635263899377.jpg","width":333,"height":500,"caption":"Duo Baldo"},{"@type":"BreadcrumbList","@id":"https:\/\/www.iltemporale.it\/it\/evento\/condivertimentocerto-duo-baldo-2\/#breadcrumb","itemListElement":[{"@type":"ListItem","position":1,"name":"Home","item":"https:\/\/www.iltemporale.it\/it\/"},{"@type":"ListItem","position":2,"name":"Eventi","item":"https:\/\/www.iltemporale.it\/it\/eventi\/"},{"@type":"ListItem","position":3,"name":"CON divertimento CERTO &#8211; Duo Baldo"}]},{"@type":"WebSite","@id":"https:\/\/www.iltemporale.it\/it\/#website","url":"https:\/\/www.iltemporale.it\/it\/","name":"Il Temporale Associazione Culturale","description":"","publisher":{"@id":"https:\/\/www.iltemporale.it\/it\/#organization"},"potentialAction":[{"@type":"SearchAction","target":{"@type":"EntryPoint","urlTemplate":"https:\/\/www.iltemporale.it\/it\/?s={search_term_string}"},"query-input":{"@type":"PropertyValueSpecification","valueRequired":true,"valueName":"search_term_string"}}],"inLanguage":"it-IT"},{"@type":"Organization","@id":"https:\/\/www.iltemporale.it\/it\/#organization","name":"ASSOCIAZIONE CULTURALE IL TEMPORALE APS","url":"https:\/\/www.iltemporale.it\/it\/","logo":{"@type":"ImageObject","inLanguage":"it-IT","@id":"https:\/\/www.iltemporale.it\/it\/#\/schema\/logo\/image\/","url":"https:\/\/www.iltemporale.it\/it\/wp-content\/uploads\/2025\/11\/cropped-cropped-Logo-IL-TEMPORALE-1.jpg","contentUrl":"https:\/\/www.iltemporale.it\/it\/wp-content\/uploads\/2025\/11\/cropped-cropped-Logo-IL-TEMPORALE-1.jpg","width":2174,"height":1093,"caption":"ASSOCIAZIONE CULTURALE IL TEMPORALE APS"},"image":{"@id":"https:\/\/www.iltemporale.it\/it\/#\/schema\/logo\/image\/"},"sameAs":["https:\/\/www.facebook.com\/pages\/category\/Nonprofit-Organization\/ASSOCIAZIONE-CULTURALE-IL-TEMPORALE-140967012635154\/","https:\/\/www.instagram.com\/iltemporaleaps\/","https:\/\/www.youtube.com\/@scuoladimusicailtemporale7327"]}]}},"_links":{"self":[{"href":"https:\/\/www.iltemporale.it\/it\/wp-json\/wp\/v2\/tribe_events\/4520","targetHints":{"allow":["GET"]}}],"collection":[{"href":"https:\/\/www.iltemporale.it\/it\/wp-json\/wp\/v2\/tribe_events"}],"about":[{"href":"https:\/\/www.iltemporale.it\/it\/wp-json\/wp\/v2\/types\/tribe_events"}],"author":[{"embeddable":true,"href":"https:\/\/www.iltemporale.it\/it\/wp-json\/wp\/v2\/users\/1"}],"version-history":[{"count":4,"href":"https:\/\/www.iltemporale.it\/it\/wp-json\/wp\/v2\/tribe_events\/4520\/revisions"}],"predecessor-version":[{"id":4533,"href":"https:\/\/www.iltemporale.it\/it\/wp-json\/wp\/v2\/tribe_events\/4520\/revisions\/4533"}],"wp:featuredmedia":[{"embeddable":true,"href":"https:\/\/www.iltemporale.it\/it\/wp-json\/wp\/v2\/media\/4521"}],"wp:attachment":[{"href":"https:\/\/www.iltemporale.it\/it\/wp-json\/wp\/v2\/media?parent=4520"}],"wp:term":[{"taxonomy":"post_tag","embeddable":true,"href":"https:\/\/www.iltemporale.it\/it\/wp-json\/wp\/v2\/tags?post=4520"},{"taxonomy":"tribe_events_cat","embeddable":true,"href":"https:\/\/www.iltemporale.it\/it\/wp-json\/wp\/v2\/tribe_events_cat?post=4520"}],"curies":[{"name":"wp","href":"https:\/\/api.w.org\/{rel}","templated":true}]}}