{"id":4181,"date":"2021-05-04T19:04:45","date_gmt":"2021-05-04T18:04:45","guid":{"rendered":"http:\/\/www.iltemporale.it\/it\/?page_id=4181"},"modified":"2021-11-28T20:26:04","modified_gmt":"2021-11-28T19:26:04","slug":"xxv-festival-2021","status":"publish","type":"page","link":"https:\/\/www.iltemporale.it\/it\/xxv-festival-2021\/","title":{"rendered":"XXV\u00b0 Festival 2021"},"content":{"rendered":"\n<h2 class=\"wp-block-heading\">XXV\u00b0 FESTIVAL INTERNAZIONALE DI MUSICA DA CAMERA<\/h2>\n\n\n\n<h3 class=\"wp-block-heading\"><em>&#8220;OLTRE IL FOSSATO!&#8221;<\/em><\/h3>\n\n\n\n<p style=\"font-size:18px\">Il XXV Festival Internazionale Musica da Camera 2021, potremmo chiamarlo d&#8217;Argento, come al raggiungimento del quarto di secolo di una felice unione.<\/p>\n\n\n\n<p style=\"font-size:18px\">Noi per\u00f2 preferiamo immaginarlo come il compleanno di una giovane Rassegna che mai si rassegna, anzi si oppone alle angustie del nostro tempo.<\/p>\n\n\n\n<p style=\"font-size:18px\">Perch\u00e8 la Musica \u00e8 l&#8217;arteria dei nostri sogni e le note le sue cellule positive. Perch\u00e8 vivere l&#8217;arte, dal Canto alla Prosa accudisce l&#8217;amore e l&#8217;altrui speranza di un mondo nuovo.<\/p>\n\n\n\n<p style=\"font-size:18px\">Il XXV Festival, nell&#8217;anno delle barriere, apre le porte a nuova gioia e nuovi incontri, nell&#8217;intento di oltrepassare i muri del dolore e la mestizia, perch\u00e8 l&#8217;indole che ci guida \u00e8 semplice e accogliente.<\/p>\n\n\n\n<p style=\"font-size:18px\">Avremo artisti grandi e piccoli e saremo come sempre nel Castello o in altri luoghi ad aspettare il vostro arrivo.<\/p>\n\n\n\n<p style=\"font-size:18px\">I concerti inizieranno il 30 Maggio e proseguiranno nelle calde sere di giugno e luglio, per salutare una nuova estate di libera compagnia e di buona musica.<\/p>\n\n\n\n<p style=\"font-size:18px\">Grazie al <strong>Comune di Bentivoglio<\/strong>, alla <strong>citt\u00e0 metropolitana di Bologna<\/strong> e alla <strong>Regione Emilia Romagna<\/strong>, per il convinto sostegno e grazie di cuore a <strong>Interporto Bologna<\/strong> e a <strong>Coind<\/strong> che da sempre ci accompagnano in questa passione.<\/p>\n\n\n\n<div style=\"height:31px\" aria-hidden=\"true\" class=\"wp-block-spacer\"><\/div>\n\n\n\n<h1 class=\"has-text-align-center wp-block-heading\"><\/h1>\n\n\n\n<p class=\"has-text-align-center has-luminous-vivid-orange-color has-text-color\" style=\"font-size:18px\"><strong>Grazie a tutti coloro che operano per la realizzazione<\/strong><\/p>\n\n\n\n<div style=\"height:31px\" aria-hidden=\"true\" class=\"wp-block-spacer\"><\/div>\n\n\n\n<p class=\"has-text-align-center\" style=\"font-size:24px\"><strong>INGRESSO <\/strong>&nbsp;&nbsp;<strong>\u2192<\/strong>&nbsp;&nbsp;<a href=\"http:\/\/teze.statocivile.it:7070\/\"><strong>PRENOTAZIONE OBBLIGATORIA<\/strong><\/a><\/p>\n\n\n\n<div class=\"wp-block-image\"><figure class=\"aligncenter size-large\"><img loading=\"lazy\" decoding=\"async\" width=\"719\" height=\"1024\" src=\"http:\/\/www.iltemporale.it\/it\/wp-content\/uploads\/2021\/11\/XXV-Festival-musica-da-camera-719x1024.jpg\" alt=\"XXV Festival musica da camera\" class=\"wp-image-4599\" srcset=\"https:\/\/www.iltemporale.it\/it\/wp-content\/uploads\/2021\/11\/XXV-Festival-musica-da-camera-719x1024.jpg 719w, https:\/\/www.iltemporale.it\/it\/wp-content\/uploads\/2021\/11\/XXV-Festival-musica-da-camera-211x300.jpg 211w, https:\/\/www.iltemporale.it\/it\/wp-content\/uploads\/2021\/11\/XXV-Festival-musica-da-camera-768x1094.jpg 768w, https:\/\/www.iltemporale.it\/it\/wp-content\/uploads\/2021\/11\/XXV-Festival-musica-da-camera.jpg 1063w\" sizes=\"auto, (max-width: 719px) 100vw, 719px\" \/><\/figure><\/div>\n\n\n\n<div style=\"height:43px\" aria-hidden=\"true\" class=\"wp-block-spacer\"><\/div>\n\n\n\n<p class=\"has-text-align-center\" style=\"font-size:24px\"><strong>INGRESSO <\/strong>&nbsp;&nbsp;<strong>\u2192<\/strong>&nbsp;&nbsp;<a href=\"http:\/\/teze.statocivile.it:7070\/\"><strong>PRENOTAZIONE OBBLIGATORIA<\/strong><\/a><\/p>\n\n\n\n<div style=\"height:43px\" aria-hidden=\"true\" class=\"wp-block-spacer\"><\/div>\n\n\n\n<p> <strong>Evento realizzato con il contributo:<\/strong> <\/p>\n\n\n\n<figure class=\"wp-block-table\"><table><tbody><tr><td class=\"has-text-align-center\" data-align=\"center\"><img loading=\"lazy\" decoding=\"async\" width=\"100\" height=\"131\" class=\"wp-image-2146\" style=\"width: 100px;\" src=\"http:\/\/www.iltemporale.it\/it\/wp-content\/uploads\/2018\/09\/LogoComuneBentivoglio.jpg\" alt=\"\"><\/td><td class=\"has-text-align-center\" data-align=\"center\"><img loading=\"lazy\" decoding=\"async\" width=\"250\" height=\"94\" class=\"wp-image-3252\" style=\"width: 250px;\" src=\"http:\/\/www.iltemporale.it\/it\/wp-content\/uploads\/2020\/07\/LogoDestinazione_v1_COL.png\" alt=\"\" srcset=\"https:\/\/www.iltemporale.it\/it\/wp-content\/uploads\/2020\/07\/LogoDestinazione_v1_COL.png 10000w, https:\/\/www.iltemporale.it\/it\/wp-content\/uploads\/2020\/07\/LogoDestinazione_v1_COL-300x113.png 300w, https:\/\/www.iltemporale.it\/it\/wp-content\/uploads\/2020\/07\/LogoDestinazione_v1_COL-1024x384.png 1024w, https:\/\/www.iltemporale.it\/it\/wp-content\/uploads\/2020\/07\/LogoDestinazione_v1_COL-768x288.png 768w, https:\/\/www.iltemporale.it\/it\/wp-content\/uploads\/2020\/07\/LogoDestinazione_v1_COL-1536x576.png 1536w, https:\/\/www.iltemporale.it\/it\/wp-content\/uploads\/2020\/07\/LogoDestinazione_v1_COL-2048x768.png 2048w, https:\/\/www.iltemporale.it\/it\/wp-content\/uploads\/2020\/07\/LogoDestinazione_v1_COL-500x188.png 500w\" sizes=\"auto, (max-width: 250px) 100vw, 250px\" \/><\/td><td><img loading=\"lazy\" decoding=\"async\" width=\"150\" height=\"93\" class=\"wp-image-3250\" style=\"width: 150px;\" src=\"http:\/\/www.iltemporale.it\/it\/wp-content\/uploads\/2020\/07\/logo_comune_bo_36570.jpeg\" alt=\"\" srcset=\"https:\/\/www.iltemporale.it\/it\/wp-content\/uploads\/2020\/07\/logo_comune_bo_36570.jpeg 1200w, https:\/\/www.iltemporale.it\/it\/wp-content\/uploads\/2020\/07\/logo_comune_bo_36570-300x186.jpeg 300w, https:\/\/www.iltemporale.it\/it\/wp-content\/uploads\/2020\/07\/logo_comune_bo_36570-1024x636.jpeg 1024w, https:\/\/www.iltemporale.it\/it\/wp-content\/uploads\/2020\/07\/logo_comune_bo_36570-768x477.jpeg 768w, https:\/\/www.iltemporale.it\/it\/wp-content\/uploads\/2020\/07\/logo_comune_bo_36570-483x300.jpeg 483w\" sizes=\"auto, (max-width: 150px) 100vw, 150px\" \/><\/td><\/tr><tr><td class=\"has-text-align-center\" data-align=\"center\"><img loading=\"lazy\" decoding=\"async\" width=\"150\" height=\"64\" class=\"wp-image-3251\" style=\"width: 150px;\" src=\"http:\/\/www.iltemporale.it\/it\/wp-content\/uploads\/2020\/07\/bologna_citt\u00e0_musica.jpg\" alt=\"\" srcset=\"https:\/\/www.iltemporale.it\/it\/wp-content\/uploads\/2020\/07\/bologna_citt\u00e0_musica.jpg 1200w, https:\/\/www.iltemporale.it\/it\/wp-content\/uploads\/2020\/07\/bologna_citt\u00e0_musica-300x127.jpg 300w, https:\/\/www.iltemporale.it\/it\/wp-content\/uploads\/2020\/07\/bologna_citt\u00e0_musica-1024x433.jpg 1024w, https:\/\/www.iltemporale.it\/it\/wp-content\/uploads\/2020\/07\/bologna_citt\u00e0_musica-768x325.jpg 768w, https:\/\/www.iltemporale.it\/it\/wp-content\/uploads\/2020\/07\/bologna_citt\u00e0_musica-500x212.jpg 500w\" sizes=\"auto, (max-width: 150px) 100vw, 150px\" \/><\/td><td class=\"has-text-align-center\" data-align=\"center\"><img loading=\"lazy\" decoding=\"async\" width=\"250\" height=\"32\" class=\"wp-image-2824\" style=\"width: 250px;\" src=\"http:\/\/www.iltemporale.it\/it\/wp-content\/uploads\/2019\/10\/RER-colore.jpg\" alt=\"\" srcset=\"https:\/\/www.iltemporale.it\/it\/wp-content\/uploads\/2019\/10\/RER-colore.jpg 1487w, https:\/\/www.iltemporale.it\/it\/wp-content\/uploads\/2019\/10\/RER-colore-300x38.jpg 300w, https:\/\/www.iltemporale.it\/it\/wp-content\/uploads\/2019\/10\/RER-colore-768x98.jpg 768w, https:\/\/www.iltemporale.it\/it\/wp-content\/uploads\/2019\/10\/RER-colore-1024x131.jpg 1024w, https:\/\/www.iltemporale.it\/it\/wp-content\/uploads\/2019\/10\/RER-colore-500x64.jpg 500w\" sizes=\"auto, (max-width: 250px) 100vw, 250px\" \/><\/td><td><img loading=\"lazy\" decoding=\"async\" width=\"150\" height=\"101\" class=\"wp-image-2147\" style=\"width: 150px;\" src=\"http:\/\/www.iltemporale.it\/it\/wp-content\/uploads\/2018\/09\/UnioneRenoGalliera.jpg\" alt=\"\" srcset=\"https:\/\/www.iltemporale.it\/it\/wp-content\/uploads\/2018\/09\/UnioneRenoGalliera.jpg 1245w, https:\/\/www.iltemporale.it\/it\/wp-content\/uploads\/2018\/09\/UnioneRenoGalliera-300x200.jpg 300w, https:\/\/www.iltemporale.it\/it\/wp-content\/uploads\/2018\/09\/UnioneRenoGalliera-768x515.jpg 768w, https:\/\/www.iltemporale.it\/it\/wp-content\/uploads\/2018\/09\/UnioneRenoGalliera-1024x687.jpg 1024w, https:\/\/www.iltemporale.it\/it\/wp-content\/uploads\/2018\/09\/UnioneRenoGalliera-447x300.jpg 447w, https:\/\/www.iltemporale.it\/it\/wp-content\/uploads\/2018\/09\/UnioneRenoGalliera-400x270.jpg 400w\" sizes=\"auto, (max-width: 150px) 100vw, 150px\" \/><\/td><\/tr><tr><td class=\"has-text-align-center\" data-align=\"center\"><img loading=\"lazy\" decoding=\"async\" width=\"150\" height=\"75\" class=\"wp-image-2151\" style=\"width: 150px;\" src=\"http:\/\/www.iltemporale.it\/it\/wp-content\/uploads\/2018\/09\/Coind.jpg\" alt=\"\" srcset=\"https:\/\/www.iltemporale.it\/it\/wp-content\/uploads\/2018\/09\/Coind.jpg 2456w, https:\/\/www.iltemporale.it\/it\/wp-content\/uploads\/2018\/09\/Coind-300x150.jpg 300w, https:\/\/www.iltemporale.it\/it\/wp-content\/uploads\/2018\/09\/Coind-768x383.jpg 768w, https:\/\/www.iltemporale.it\/it\/wp-content\/uploads\/2018\/09\/Coind-1024x510.jpg 1024w, https:\/\/www.iltemporale.it\/it\/wp-content\/uploads\/2018\/09\/Coind-500x249.jpg 500w, https:\/\/www.iltemporale.it\/it\/wp-content\/uploads\/2018\/09\/Coind-400x200.jpg 400w\" sizes=\"auto, (max-width: 150px) 100vw, 150px\" \/><\/td><td class=\"has-text-align-center\" data-align=\"center\"><img loading=\"lazy\" decoding=\"async\" width=\"250\" height=\"52\" class=\"wp-image-2150\" style=\"width: 250px;\" src=\"http:\/\/www.iltemporale.it\/it\/wp-content\/uploads\/2018\/09\/INTERPORTO.png\" alt=\"\" srcset=\"https:\/\/www.iltemporale.it\/it\/wp-content\/uploads\/2018\/09\/INTERPORTO.png 491w, https:\/\/www.iltemporale.it\/it\/wp-content\/uploads\/2018\/09\/INTERPORTO-300x63.png 300w\" sizes=\"auto, (max-width: 250px) 100vw, 250px\" \/><\/td><td><img loading=\"lazy\" decoding=\"async\" width=\"150\" height=\"73\" class=\"wp-image-3253\" style=\"width: 150px;\" src=\"http:\/\/www.iltemporale.it\/it\/wp-content\/uploads\/2020\/07\/BE18_LOGO_purple.png\" alt=\"\" srcset=\"https:\/\/www.iltemporale.it\/it\/wp-content\/uploads\/2020\/07\/BE18_LOGO_purple.png 1348w, https:\/\/www.iltemporale.it\/it\/wp-content\/uploads\/2020\/07\/BE18_LOGO_purple-300x147.png 300w, https:\/\/www.iltemporale.it\/it\/wp-content\/uploads\/2020\/07\/BE18_LOGO_purple-1024x501.png 1024w, https:\/\/www.iltemporale.it\/it\/wp-content\/uploads\/2020\/07\/BE18_LOGO_purple-768x376.png 768w, https:\/\/www.iltemporale.it\/it\/wp-content\/uploads\/2020\/07\/BE18_LOGO_purple-500x245.png 500w\" sizes=\"auto, (max-width: 150px) 100vw, 150px\" \/><\/td><\/tr><tr><td class=\"has-text-align-center\" data-align=\"center\"><\/td><td class=\"has-text-align-center\" data-align=\"center\"><img loading=\"lazy\" decoding=\"async\" width=\"250\" height=\"59\" class=\"wp-image-3829\" style=\"width: 250px;\" src=\"http:\/\/www.iltemporale.it\/it\/wp-content\/uploads\/2020\/10\/cittametrobo-e-Villa-Smeraldi-solo-su-fondo-bianco.jpg\" alt=\"Villa Smeraldi\" srcset=\"https:\/\/www.iltemporale.it\/it\/wp-content\/uploads\/2020\/10\/cittametrobo-e-Villa-Smeraldi-solo-su-fondo-bianco.jpg 717w, https:\/\/www.iltemporale.it\/it\/wp-content\/uploads\/2020\/10\/cittametrobo-e-Villa-Smeraldi-solo-su-fondo-bianco-300x71.jpg 300w, https:\/\/www.iltemporale.it\/it\/wp-content\/uploads\/2020\/10\/cittametrobo-e-Villa-Smeraldi-solo-su-fondo-bianco-500x119.jpg 500w\" sizes=\"auto, (max-width: 250px) 100vw, 250px\" \/><\/td><td><\/td><\/tr><\/tbody><\/table><\/figure>\n\n\n\n<div style=\"height:70px\" aria-hidden=\"true\" class=\"wp-block-spacer\"><\/div>\n\n\n\n<h2 class=\"has-text-align-center wp-block-heading\"><strong><span style=\"color:#ff6900\" class=\"tadv-color\">Domenica 14 Novembre <strong>2021<\/strong><\/span><\/strong><\/h2>\n\n\n\n<h2>II\u00b0 OCARINA RAVE COMPETITION<\/h2>\n<h4>ore 17.00<\/h4>\n\n\n\n<figure class=\"wp-block-image size-large\"><a href=\"http:\/\/www.iltemporale.it\/it\/evento\/ii-ocarina-rave-competition\/\"><img loading=\"lazy\" decoding=\"async\" width=\"1024\" height=\"513\" src=\"http:\/\/www.iltemporale.it\/it\/wp-content\/uploads\/2021\/11\/2-ocarina-rave-competition-2021-1024x513.jpg\" alt=\"2 ocarina rave competition 2021\" class=\"wp-image-4603\" srcset=\"https:\/\/www.iltemporale.it\/it\/wp-content\/uploads\/2021\/11\/2-ocarina-rave-competition-2021-1024x513.jpg 1024w, https:\/\/www.iltemporale.it\/it\/wp-content\/uploads\/2021\/11\/2-ocarina-rave-competition-2021-300x150.jpg 300w, https:\/\/www.iltemporale.it\/it\/wp-content\/uploads\/2021\/11\/2-ocarina-rave-competition-2021-768x385.jpg 768w, https:\/\/www.iltemporale.it\/it\/wp-content\/uploads\/2021\/11\/2-ocarina-rave-competition-2021-500x251.jpg 500w, https:\/\/www.iltemporale.it\/it\/wp-content\/uploads\/2021\/11\/2-ocarina-rave-competition-2021-400x200.jpg 400w, https:\/\/www.iltemporale.it\/it\/wp-content\/uploads\/2021\/11\/2-ocarina-rave-competition-2021.jpg 1181w\" sizes=\"auto, (max-width: 1024px) 100vw, 1024px\" \/><\/a><\/figure>\n\n\n\n<div style=\"height:28px\" aria-hidden=\"true\" class=\"wp-block-spacer\"><\/div>\n\n\n\n<h2 class=\"has-text-align-center wp-block-heading\"><strong><span style=\"color:#ff6900\" class=\"tadv-color\">Domenica 21 Novembre <strong>2021<\/strong><\/span><\/strong><\/h2>\n\n\n\n<h2>CONdivertimentoCERTO \u2013 Duo Baldo<\/h2>\n<h4>ore 17.00<\/h4>\n\n\n\n<figure class=\"wp-block-image size-large\"><a href=\"http:\/\/www.iltemporale.it\/it\/evento\/condivertimentocerto-duo-baldo-2\/\"><img loading=\"lazy\" decoding=\"async\" width=\"1024\" height=\"513\" src=\"http:\/\/www.iltemporale.it\/it\/wp-content\/uploads\/2021\/11\/Duo-Baldo-Bentivoglio-Bologna-1024x513.jpg\" alt=\"Duo Baldo Bentivoglio Bologna\" class=\"wp-image-4604\" srcset=\"https:\/\/www.iltemporale.it\/it\/wp-content\/uploads\/2021\/11\/Duo-Baldo-Bentivoglio-Bologna-1024x513.jpg 1024w, https:\/\/www.iltemporale.it\/it\/wp-content\/uploads\/2021\/11\/Duo-Baldo-Bentivoglio-Bologna-300x150.jpg 300w, https:\/\/www.iltemporale.it\/it\/wp-content\/uploads\/2021\/11\/Duo-Baldo-Bentivoglio-Bologna-768x385.jpg 768w, https:\/\/www.iltemporale.it\/it\/wp-content\/uploads\/2021\/11\/Duo-Baldo-Bentivoglio-Bologna-1536x769.jpg 1536w, https:\/\/www.iltemporale.it\/it\/wp-content\/uploads\/2021\/11\/Duo-Baldo-Bentivoglio-Bologna-2048x1026.jpg 2048w, https:\/\/www.iltemporale.it\/it\/wp-content\/uploads\/2021\/11\/Duo-Baldo-Bentivoglio-Bologna-500x250.jpg 500w, https:\/\/www.iltemporale.it\/it\/wp-content\/uploads\/2021\/11\/Duo-Baldo-Bentivoglio-Bologna-400x200.jpg 400w\" sizes=\"auto, (max-width: 1024px) 100vw, 1024px\" \/><\/a><\/figure>\n\n\n\n<div style=\"height:28px\" aria-hidden=\"true\" class=\"wp-block-spacer\"><\/div>\n\n\n\n<h2 class=\"has-text-align-center wp-block-heading\"><strong><span style=\"color:#ff6900\" class=\"tadv-color\">Domenica 28 Novembre <strong>2021<\/strong><\/span><\/strong><\/h2>\n\n\n\n<h2>Il Trio Amadei in: \u201cLa musica popolare nei compositori classici\u201d<\/h2>\n<h4>ore 17.00<\/h4>\n\n\n\n<figure class=\"wp-block-image size-large is-resized\"><a href=\"http:\/\/www.iltemporale.it\/it\/evento\/trio-dellarca\/\"><img loading=\"lazy\" decoding=\"async\" src=\"http:\/\/www.iltemporale.it\/it\/wp-content\/uploads\/2021\/11\/Trio-Amadei-XXV-Festival-Bentivoglio-1024x1024.jpg\" alt=\"Trio Amadei XXV Festival Bentivoglio\" class=\"wp-image-4605\" width=\"512\" height=\"512\" srcset=\"https:\/\/www.iltemporale.it\/it\/wp-content\/uploads\/2021\/11\/Trio-Amadei-XXV-Festival-Bentivoglio-1024x1024.jpg 1024w, https:\/\/www.iltemporale.it\/it\/wp-content\/uploads\/2021\/11\/Trio-Amadei-XXV-Festival-Bentivoglio-300x300.jpg 300w, https:\/\/www.iltemporale.it\/it\/wp-content\/uploads\/2021\/11\/Trio-Amadei-XXV-Festival-Bentivoglio-150x150.jpg 150w, https:\/\/www.iltemporale.it\/it\/wp-content\/uploads\/2021\/11\/Trio-Amadei-XXV-Festival-Bentivoglio-768x769.jpg 768w, https:\/\/www.iltemporale.it\/it\/wp-content\/uploads\/2021\/11\/Trio-Amadei-XXV-Festival-Bentivoglio.jpg 1180w\" sizes=\"auto, (max-width: 512px) 100vw, 512px\" \/><\/a><\/figure>\n\n\n\n<div style=\"height:28px\" aria-hidden=\"true\" class=\"wp-block-spacer\"><\/div>\n\n\n\n<h2 class=\"has-text-align-center wp-block-heading\"><strong><span style=\"color:#ff6900\" class=\"tadv-color\">Domenica 12 Dicembre <strong>2021<\/strong><\/span><\/strong><\/h2>\n\n\n\n<h1 class=\"tribe-events-single-event-title\">Coro Jacopo da Bologna e Panamericana<\/h1>\n<h4>ore 17.00<\/h4>\n\n\n\n<figure class=\"wp-block-image size-large\"><a href=\"http:\/\/www.iltemporale.it\/it\/evento\/coro-jacopo-da-bologna-e-panamericana\/\"><img loading=\"lazy\" decoding=\"async\" width=\"1024\" height=\"513\" src=\"http:\/\/www.iltemporale.it\/it\/wp-content\/uploads\/2021\/11\/misa-criolla-bentivoglio-bologna-1024x513.jpg\" alt=\"misa criolla bentivoglio bologna\" class=\"wp-image-4607\" srcset=\"https:\/\/www.iltemporale.it\/it\/wp-content\/uploads\/2021\/11\/misa-criolla-bentivoglio-bologna-1024x513.jpg 1024w, https:\/\/www.iltemporale.it\/it\/wp-content\/uploads\/2021\/11\/misa-criolla-bentivoglio-bologna-300x150.jpg 300w, https:\/\/www.iltemporale.it\/it\/wp-content\/uploads\/2021\/11\/misa-criolla-bentivoglio-bologna-768x385.jpg 768w, https:\/\/www.iltemporale.it\/it\/wp-content\/uploads\/2021\/11\/misa-criolla-bentivoglio-bologna-1536x769.jpg 1536w, https:\/\/www.iltemporale.it\/it\/wp-content\/uploads\/2021\/11\/misa-criolla-bentivoglio-bologna-2048x1026.jpg 2048w, https:\/\/www.iltemporale.it\/it\/wp-content\/uploads\/2021\/11\/misa-criolla-bentivoglio-bologna-500x250.jpg 500w, https:\/\/www.iltemporale.it\/it\/wp-content\/uploads\/2021\/11\/misa-criolla-bentivoglio-bologna-400x200.jpg 400w\" sizes=\"auto, (max-width: 1024px) 100vw, 1024px\" \/><\/a><\/figure>\n\n\n\n<div style=\"height:28px\" aria-hidden=\"true\" class=\"wp-block-spacer\"><\/div>\n\n\n\n<h2 class=\"has-text-align-center wp-block-heading\"><strong><span style=\"color:#ff6900\" class=\"tadv-color\">Domenica 19 Dicembre <strong>2021<\/strong><\/span><\/strong><\/h2>\n\n\n\n<h1 class=\"tribe-events-single-event-title\">Concerto di Natale 2021<\/h1>\n<h4>ore 17.00<\/h4>\n\n\n\n<figure class=\"wp-block-image size-large\"><a href=\"http:\/\/www.iltemporale.it\/it\/evento\/concerto-di-natale-2021\/\"><img loading=\"lazy\" decoding=\"async\" width=\"1024\" height=\"513\" src=\"http:\/\/www.iltemporale.it\/it\/wp-content\/uploads\/2021\/11\/concerto-di-natale-2021-1024x513.jpg\" alt=\"Concerto di Natale 2021\" class=\"wp-image-4609\" srcset=\"https:\/\/www.iltemporale.it\/it\/wp-content\/uploads\/2021\/11\/concerto-di-natale-2021-1024x513.jpg 1024w, https:\/\/www.iltemporale.it\/it\/wp-content\/uploads\/2021\/11\/concerto-di-natale-2021-300x150.jpg 300w, https:\/\/www.iltemporale.it\/it\/wp-content\/uploads\/2021\/11\/concerto-di-natale-2021-768x385.jpg 768w, https:\/\/www.iltemporale.it\/it\/wp-content\/uploads\/2021\/11\/concerto-di-natale-2021-1536x769.jpg 1536w, https:\/\/www.iltemporale.it\/it\/wp-content\/uploads\/2021\/11\/concerto-di-natale-2021-2048x1026.jpg 2048w, https:\/\/www.iltemporale.it\/it\/wp-content\/uploads\/2021\/11\/concerto-di-natale-2021-500x250.jpg 500w, https:\/\/www.iltemporale.it\/it\/wp-content\/uploads\/2021\/11\/concerto-di-natale-2021-400x200.jpg 400w\" sizes=\"auto, (max-width: 1024px) 100vw, 1024px\" \/><\/a><\/figure>\n\n\n\n<div style=\"height:27px\" aria-hidden=\"true\" class=\"wp-block-spacer\"><\/div>\n\n\n\n<hr class=\"wp-block-separator\"\/>\n\n\n\n<div style=\"height:52px\" aria-hidden=\"true\" class=\"wp-block-spacer\"><\/div>\n\n\n\n<h1 class=\"has-text-align-center wp-block-heading\"><span style=\"color:#cf2e2e\" class=\"tadv-color\">&#8221; CORTILE ESTIVO &#8220;<\/span><\/h1>\n\n\n\n<div style=\"height:48px\" aria-hidden=\"true\" class=\"wp-block-spacer\"><\/div>\n\n\n\n<h2 class=\"has-text-align-center wp-block-heading\"><strong><span style=\"color:#ff6900\" class=\"tadv-color\">Domenica 30 Maggio <strong>2021<\/strong><\/span><\/strong><\/h2>\n\n\n\n<div style=\"height:28px\" aria-hidden=\"true\" class=\"wp-block-spacer\"><\/div>\n\n\n\n<h2>Musica BarrOca &#8211; Leonardo Leo<\/h2>\n<h4>ore 17.00<\/h4>\n\n\n\n<figure class=\"wp-block-image size-large\"><a href=\"http:\/\/www.iltemporale.it\/it\/evento\/musica-barroca-leonardo-leo\/\" target=\"_blank\" rel=\"noopener\"><img loading=\"lazy\" decoding=\"async\" width=\"1024\" height=\"512\" src=\"http:\/\/www.iltemporale.it\/it\/wp-content\/uploads\/2021\/05\/Musica-BarrOca_Leonardo-Leo-1-1024x512.jpg\" alt=\"\" class=\"wp-image-4259\" srcset=\"https:\/\/www.iltemporale.it\/it\/wp-content\/uploads\/2021\/05\/Musica-BarrOca_Leonardo-Leo-1-1024x512.jpg 1024w, https:\/\/www.iltemporale.it\/it\/wp-content\/uploads\/2021\/05\/Musica-BarrOca_Leonardo-Leo-1-300x150.jpg 300w, https:\/\/www.iltemporale.it\/it\/wp-content\/uploads\/2021\/05\/Musica-BarrOca_Leonardo-Leo-1-768x384.jpg 768w, https:\/\/www.iltemporale.it\/it\/wp-content\/uploads\/2021\/05\/Musica-BarrOca_Leonardo-Leo-1-1536x768.jpg 1536w, https:\/\/www.iltemporale.it\/it\/wp-content\/uploads\/2021\/05\/Musica-BarrOca_Leonardo-Leo-1-500x250.jpg 500w, https:\/\/www.iltemporale.it\/it\/wp-content\/uploads\/2021\/05\/Musica-BarrOca_Leonardo-Leo-1-400x200.jpg 400w, https:\/\/www.iltemporale.it\/it\/wp-content\/uploads\/2021\/05\/Musica-BarrOca_Leonardo-Leo-1.jpg 1552w\" sizes=\"auto, (max-width: 1024px) 100vw, 1024px\" \/><\/a><\/figure>\n\n\n\n<div style=\"height:28px\" aria-hidden=\"true\" class=\"wp-block-spacer\"><\/div>\n\n\n\n<h2 class=\"has-text-align-center wp-block-heading\"><strong><span style=\"color:#ff6900\" class=\"tadv-color\">Sabato 12 Giugno 2021<\/span><\/strong><\/h2>\n\n\n\n<div style=\"height:28px\" aria-hidden=\"true\" class=\"wp-block-spacer\"><\/div>\n\n\n\n<figure class=\"wp-block-table aligncenter\"><table><thead><tr><th class=\"has-text-align-center\" data-align=\"center\">I signori di Bentivoglio<\/th><\/tr><\/thead><tbody><tr><td class=\"has-text-align-center\" data-align=\"center\">ore 20,00<\/td><\/tr><tr><td class=\"has-text-align-center\" data-align=\"center\"><a href=\"http:\/\/www.iltemporale.it\/it\/evento\/visita-guidata-i-signori-di-bentivoglio\/\"><img loading=\"lazy\" decoding=\"async\" width=\"400\" height=\"400\" class=\"wp-image-4384\" style=\"width: 400px;\" src=\"http:\/\/www.iltemporale.it\/it\/wp-content\/uploads\/2021\/05\/I-signori-di-Bentivoglio-visita-guidata.jpg\" alt=\"\" srcset=\"https:\/\/www.iltemporale.it\/it\/wp-content\/uploads\/2021\/05\/I-signori-di-Bentivoglio-visita-guidata.jpg 1888w, https:\/\/www.iltemporale.it\/it\/wp-content\/uploads\/2021\/05\/I-signori-di-Bentivoglio-visita-guidata-300x300.jpg 300w, https:\/\/www.iltemporale.it\/it\/wp-content\/uploads\/2021\/05\/I-signori-di-Bentivoglio-visita-guidata-1024x1024.jpg 1024w, https:\/\/www.iltemporale.it\/it\/wp-content\/uploads\/2021\/05\/I-signori-di-Bentivoglio-visita-guidata-150x150.jpg 150w, https:\/\/www.iltemporale.it\/it\/wp-content\/uploads\/2021\/05\/I-signori-di-Bentivoglio-visita-guidata-768x768.jpg 768w, https:\/\/www.iltemporale.it\/it\/wp-content\/uploads\/2021\/05\/I-signori-di-Bentivoglio-visita-guidata-1536x1536.jpg 1536w\" sizes=\"auto, (max-width: 400px) 100vw, 400px\" \/><\/a><\/td><\/tr><\/tbody><\/table><\/figure>\n\n\n\n<div style=\"height:28px\" aria-hidden=\"true\" class=\"wp-block-spacer\"><\/div>\n\n\n\n<h2>Orchestre senza Frontiere<\/h2>\n<h4>ore 21.00<\/h4>\n\n\n\n<figure class=\"wp-block-image size-large\"><a href=\"http:\/\/www.iltemporale.it\/it\/evento\/orchestre-senza-frontiere\/\" target=\"_blank\" rel=\"noopener\"><img loading=\"lazy\" decoding=\"async\" width=\"1024\" height=\"512\" src=\"http:\/\/www.iltemporale.it\/it\/wp-content\/uploads\/2021\/05\/Orchestre-senza-Frontiere-Bentivoglio-1024x512.jpg\" alt=\"\" class=\"wp-image-4271\" srcset=\"https:\/\/www.iltemporale.it\/it\/wp-content\/uploads\/2021\/05\/Orchestre-senza-Frontiere-Bentivoglio-1024x512.jpg 1024w, https:\/\/www.iltemporale.it\/it\/wp-content\/uploads\/2021\/05\/Orchestre-senza-Frontiere-Bentivoglio-300x150.jpg 300w, https:\/\/www.iltemporale.it\/it\/wp-content\/uploads\/2021\/05\/Orchestre-senza-Frontiere-Bentivoglio-768x384.jpg 768w, https:\/\/www.iltemporale.it\/it\/wp-content\/uploads\/2021\/05\/Orchestre-senza-Frontiere-Bentivoglio-1536x768.jpg 1536w, https:\/\/www.iltemporale.it\/it\/wp-content\/uploads\/2021\/05\/Orchestre-senza-Frontiere-Bentivoglio-500x250.jpg 500w, https:\/\/www.iltemporale.it\/it\/wp-content\/uploads\/2021\/05\/Orchestre-senza-Frontiere-Bentivoglio-400x200.jpg 400w, https:\/\/www.iltemporale.it\/it\/wp-content\/uploads\/2021\/05\/Orchestre-senza-Frontiere-Bentivoglio.jpg 1553w\" sizes=\"auto, (max-width: 1024px) 100vw, 1024px\" \/><\/a><\/figure>\n\n\n\n<div style=\"height:28px\" aria-hidden=\"true\" class=\"wp-block-spacer\"><\/div>\n\n\n\n<h2 class=\"has-text-align-center wp-block-heading\"><strong><span style=\"color:#ff6900\" class=\"tadv-color\">Domenica 20 Giugno 2021<\/span><\/strong><\/h2>\n\n\n\n<div style=\"height:28px\" aria-hidden=\"true\" class=\"wp-block-spacer\"><\/div>\n\n\n\n<figure class=\"wp-block-table aligncenter\"><table><thead><tr><th class=\"has-text-align-center\" data-align=\"center\">La Rocca di Bentivoglio<\/th><\/tr><\/thead><tbody><tr><td class=\"has-text-align-center\" data-align=\"center\">ore 20,00<\/td><\/tr><tr><td class=\"has-text-align-center\" data-align=\"center\"><a href=\"http:\/\/www.iltemporale.it\/it\/evento\/visita-guidata-la-rocca-di-bentivoglio\/\"><img loading=\"lazy\" decoding=\"async\" width=\"400\" height=\"400\" class=\"wp-image-4386\" style=\"width: 400px;\" src=\"http:\/\/www.iltemporale.it\/it\/wp-content\/uploads\/2021\/05\/La-rocca-di-Bentivoglio-visita-guidata.jpg\" alt=\"\" srcset=\"https:\/\/www.iltemporale.it\/it\/wp-content\/uploads\/2021\/05\/La-rocca-di-Bentivoglio-visita-guidata.jpg 1888w, https:\/\/www.iltemporale.it\/it\/wp-content\/uploads\/2021\/05\/La-rocca-di-Bentivoglio-visita-guidata-300x300.jpg 300w, https:\/\/www.iltemporale.it\/it\/wp-content\/uploads\/2021\/05\/La-rocca-di-Bentivoglio-visita-guidata-1024x1024.jpg 1024w, https:\/\/www.iltemporale.it\/it\/wp-content\/uploads\/2021\/05\/La-rocca-di-Bentivoglio-visita-guidata-150x150.jpg 150w, https:\/\/www.iltemporale.it\/it\/wp-content\/uploads\/2021\/05\/La-rocca-di-Bentivoglio-visita-guidata-768x768.jpg 768w, https:\/\/www.iltemporale.it\/it\/wp-content\/uploads\/2021\/05\/La-rocca-di-Bentivoglio-visita-guidata-1536x1536.jpg 1536w\" sizes=\"auto, (max-width: 400px) 100vw, 400px\" \/><\/a><\/td><\/tr><\/tbody><\/table><\/figure>\n\n\n\n<div style=\"height:28px\" aria-hidden=\"true\" class=\"wp-block-spacer\"><\/div>\n\n\n\n<h2 class=\"tribe-events-single-event-title\">Burattini e Musica per tutti i colori<\/h2>\n<h4>ore 21.00<\/h4>\n\n\n\n<figure class=\"wp-block-image size-large\"><a href=\"http:\/\/www.iltemporale.it\/it\/evento\/burattini-e-musica-per-tutti-i-colori\/\" target=\"_blank\" rel=\"noopener\"><img loading=\"lazy\" decoding=\"async\" width=\"1024\" height=\"513\" src=\"http:\/\/www.iltemporale.it\/it\/wp-content\/uploads\/2021\/05\/Burattini-e-Musica-per-tutti-i-colori-1024x513.jpg\" alt=\"\" class=\"wp-image-4278\" srcset=\"https:\/\/www.iltemporale.it\/it\/wp-content\/uploads\/2021\/05\/Burattini-e-Musica-per-tutti-i-colori-1024x513.jpg 1024w, https:\/\/www.iltemporale.it\/it\/wp-content\/uploads\/2021\/05\/Burattini-e-Musica-per-tutti-i-colori-300x150.jpg 300w, https:\/\/www.iltemporale.it\/it\/wp-content\/uploads\/2021\/05\/Burattini-e-Musica-per-tutti-i-colori-768x385.jpg 768w, https:\/\/www.iltemporale.it\/it\/wp-content\/uploads\/2021\/05\/Burattini-e-Musica-per-tutti-i-colori-1536x769.jpg 1536w, https:\/\/www.iltemporale.it\/it\/wp-content\/uploads\/2021\/05\/Burattini-e-Musica-per-tutti-i-colori-500x250.jpg 500w, https:\/\/www.iltemporale.it\/it\/wp-content\/uploads\/2021\/05\/Burattini-e-Musica-per-tutti-i-colori-400x200.jpg 400w, https:\/\/www.iltemporale.it\/it\/wp-content\/uploads\/2021\/05\/Burattini-e-Musica-per-tutti-i-colori.jpg 1553w\" sizes=\"auto, (max-width: 1024px) 100vw, 1024px\" \/><\/a><\/figure>\n\n\n\n<div style=\"height:28px\" aria-hidden=\"true\" class=\"wp-block-spacer\"><\/div>\n\n\n\n<h2 class=\"has-text-align-center wp-block-heading\"><strong><span style=\"color:#ff6900\" class=\"tadv-color\">Venerd\u00ec 25 Giugno 2021<\/span><\/strong><\/h2>\n\n\n\n<div style=\"height:28px\" aria-hidden=\"true\" class=\"wp-block-spacer\"><\/div>\n\n\n\n<figure class=\"wp-block-table is-style-regular\"><table><thead><tr><th class=\"has-text-align-center\" data-align=\"center\"><strong><strong>Il castello di Bentivoglio<\/strong><\/strong><\/th><th class=\"has-text-align-center\" data-align=\"center\"><strong>Fatti Veri con Ivano Marescotti<\/strong><\/th><\/tr><\/thead><tbody><tr><td class=\"has-text-align-center\" data-align=\"center\">ore 20,00<\/td><td class=\"has-text-align-center\" data-align=\"center\">ore 21,00<\/td><\/tr><tr><td class=\"has-text-align-center\" data-align=\"center\"><a href=\"http:\/\/www.iltemporale.it\/it\/evento\/visita-guidata-il-castello-di-bentivoglio\/\"><img loading=\"lazy\" decoding=\"async\" width=\"400\" height=\"400\" class=\"wp-image-4387\" style=\"width: 400px;\" src=\"http:\/\/www.iltemporale.it\/it\/wp-content\/uploads\/2021\/05\/Il-castello-di-Bentivoglio-visita-guidata.jpg\" alt=\"\" srcset=\"https:\/\/www.iltemporale.it\/it\/wp-content\/uploads\/2021\/05\/Il-castello-di-Bentivoglio-visita-guidata.jpg 1888w, https:\/\/www.iltemporale.it\/it\/wp-content\/uploads\/2021\/05\/Il-castello-di-Bentivoglio-visita-guidata-300x300.jpg 300w, https:\/\/www.iltemporale.it\/it\/wp-content\/uploads\/2021\/05\/Il-castello-di-Bentivoglio-visita-guidata-1024x1024.jpg 1024w, https:\/\/www.iltemporale.it\/it\/wp-content\/uploads\/2021\/05\/Il-castello-di-Bentivoglio-visita-guidata-150x150.jpg 150w, https:\/\/www.iltemporale.it\/it\/wp-content\/uploads\/2021\/05\/Il-castello-di-Bentivoglio-visita-guidata-768x768.jpg 768w, https:\/\/www.iltemporale.it\/it\/wp-content\/uploads\/2021\/05\/Il-castello-di-Bentivoglio-visita-guidata-1536x1536.jpg 1536w\" sizes=\"auto, (max-width: 400px) 100vw, 400px\" \/><\/a><\/td><td class=\"has-text-align-center\" data-align=\"center\"><a href=\"http:\/\/www.iltemporale.it\/it\/evento\/fatti-veri-con-ivano-marescotti\/\"><img loading=\"lazy\" decoding=\"async\" width=\"400\" height=\"398\" class=\"wp-image-4290\" style=\"width: 400px;\" src=\"http:\/\/www.iltemporale.it\/it\/wp-content\/uploads\/2021\/05\/Ivano-Marescotti-Teatro-Bentivoglio.jpg\" alt=\"\" srcset=\"https:\/\/www.iltemporale.it\/it\/wp-content\/uploads\/2021\/05\/Ivano-Marescotti-Teatro-Bentivoglio.jpg 780w, https:\/\/www.iltemporale.it\/it\/wp-content\/uploads\/2021\/05\/Ivano-Marescotti-Teatro-Bentivoglio-300x298.jpg 300w, https:\/\/www.iltemporale.it\/it\/wp-content\/uploads\/2021\/05\/Ivano-Marescotti-Teatro-Bentivoglio-150x150.jpg 150w, https:\/\/www.iltemporale.it\/it\/wp-content\/uploads\/2021\/05\/Ivano-Marescotti-Teatro-Bentivoglio-768x764.jpg 768w, https:\/\/www.iltemporale.it\/it\/wp-content\/uploads\/2021\/05\/Ivano-Marescotti-Teatro-Bentivoglio-302x300.jpg 302w\" sizes=\"auto, (max-width: 400px) 100vw, 400px\" \/><\/a><\/td><\/tr><\/tbody><\/table><\/figure>\n\n\n\n<div style=\"height:28px\" aria-hidden=\"true\" class=\"wp-block-spacer\"><\/div>\n\n\n\n<h2 class=\"has-text-align-center wp-block-heading\"><strong><span style=\"color:#ff6900\" class=\"tadv-color\">Sabato 26 Giugno 2021<\/span><\/strong><\/h2>\n\n\n\n<div style=\"height:28px\" aria-hidden=\"true\" class=\"wp-block-spacer\"><\/div>\n\n\n\n<figure class=\"wp-block-table aligncenter\"><table><thead><tr><th class=\"has-text-align-center\" data-align=\"center\">ll Palazzo Rosso di Bentivoglio<\/th><\/tr><\/thead><tbody><tr><td class=\"has-text-align-center\" data-align=\"center\">ore 20,00<\/td><\/tr><tr><td class=\"has-text-align-center\" data-align=\"center\"><a href=\"http:\/\/www.iltemporale.it\/it\/evento\/visita-guidata-l-palazzo-rosso-di-bentivoglio\/\"><img loading=\"lazy\" decoding=\"async\" width=\"400\" height=\"400\" class=\"wp-image-4388\" style=\"width: 400px;\" src=\"http:\/\/www.iltemporale.it\/it\/wp-content\/uploads\/2021\/05\/Il-Palazzo-Rosso-di-Bentivoglio-visita-guidata.jpg\" alt=\"\" srcset=\"https:\/\/www.iltemporale.it\/it\/wp-content\/uploads\/2021\/05\/Il-Palazzo-Rosso-di-Bentivoglio-visita-guidata.jpg 1888w, https:\/\/www.iltemporale.it\/it\/wp-content\/uploads\/2021\/05\/Il-Palazzo-Rosso-di-Bentivoglio-visita-guidata-300x300.jpg 300w, https:\/\/www.iltemporale.it\/it\/wp-content\/uploads\/2021\/05\/Il-Palazzo-Rosso-di-Bentivoglio-visita-guidata-1024x1024.jpg 1024w, https:\/\/www.iltemporale.it\/it\/wp-content\/uploads\/2021\/05\/Il-Palazzo-Rosso-di-Bentivoglio-visita-guidata-150x150.jpg 150w, https:\/\/www.iltemporale.it\/it\/wp-content\/uploads\/2021\/05\/Il-Palazzo-Rosso-di-Bentivoglio-visita-guidata-768x768.jpg 768w, https:\/\/www.iltemporale.it\/it\/wp-content\/uploads\/2021\/05\/Il-Palazzo-Rosso-di-Bentivoglio-visita-guidata-1536x1536.jpg 1536w\" sizes=\"auto, (max-width: 400px) 100vw, 400px\" \/><\/a><\/td><\/tr><\/tbody><\/table><\/figure>\n\n\n\n<div style=\"height:28px\" aria-hidden=\"true\" class=\"wp-block-spacer\"><\/div>\n\n\n\n<h2 class=\"tribe-events-single-event-title\">Tempo, silenzio e altre storie<\/h2>\n<h4>ore 21.00<\/h4>\n\n\n\n<figure class=\"wp-block-image size-large\"><a href=\"http:\/\/www.iltemporale.it\/it\/evento\/tempo-silenzio-e-altre-storie\/\" target=\"_blank\" rel=\"noopener\"><img loading=\"lazy\" decoding=\"async\" width=\"1024\" height=\"512\" src=\"http:\/\/www.iltemporale.it\/it\/wp-content\/uploads\/2021\/05\/Lingo-Voice-Orchestra-1024x512.jpg\" alt=\"\" class=\"wp-image-4281\" srcset=\"https:\/\/www.iltemporale.it\/it\/wp-content\/uploads\/2021\/05\/Lingo-Voice-Orchestra-1024x512.jpg 1024w, https:\/\/www.iltemporale.it\/it\/wp-content\/uploads\/2021\/05\/Lingo-Voice-Orchestra-300x150.jpg 300w, https:\/\/www.iltemporale.it\/it\/wp-content\/uploads\/2021\/05\/Lingo-Voice-Orchestra-768x384.jpg 768w, https:\/\/www.iltemporale.it\/it\/wp-content\/uploads\/2021\/05\/Lingo-Voice-Orchestra-1536x768.jpg 1536w, https:\/\/www.iltemporale.it\/it\/wp-content\/uploads\/2021\/05\/Lingo-Voice-Orchestra-500x250.jpg 500w, https:\/\/www.iltemporale.it\/it\/wp-content\/uploads\/2021\/05\/Lingo-Voice-Orchestra-400x200.jpg 400w, https:\/\/www.iltemporale.it\/it\/wp-content\/uploads\/2021\/05\/Lingo-Voice-Orchestra.jpg 1552w\" sizes=\"auto, (max-width: 1024px) 100vw, 1024px\" \/><\/a><\/figure>\n\n\n\n<div style=\"height:28px\" aria-hidden=\"true\" class=\"wp-block-spacer\"><\/div>\n\n\n\n<h2 class=\"has-text-align-center wp-block-heading\"><strong><span style=\"color:#ff6900\" class=\"tadv-color\">Venerd\u00ec 2 Luglio 2021<\/span><\/strong><\/h2>\n\n\n\n<div style=\"height:28px\" aria-hidden=\"true\" class=\"wp-block-spacer\"><\/div>\n\n\n\n<figure class=\"wp-block-table aligncenter\"><table><thead><tr><th class=\"has-text-align-center\" data-align=\"center\"><strong>Il Mulino di Bentivoglio<\/strong><\/th><th class=\"has-text-align-center\" data-align=\"center\"><strong>Collage-ne<\/strong><\/th><\/tr><\/thead><tbody><tr><td class=\"has-text-align-center\" data-align=\"center\">ore 20,00<\/td><td class=\"has-text-align-center\" data-align=\"center\">ore 21,00<\/td><\/tr><tr><td class=\"has-text-align-center\" data-align=\"center\"><a href=\"http:\/\/www.iltemporale.it\/it\/evento\/visita-guidata-il-mulino-di-bentivoglio\/\"><img loading=\"lazy\" decoding=\"async\" width=\"400\" height=\"400\" class=\"wp-image-4389\" style=\"width: 400px;\" src=\"http:\/\/www.iltemporale.it\/it\/wp-content\/uploads\/2021\/05\/Il-Mulino-di-Bentivoglio-visita-guidata.jpg\" alt=\"\" srcset=\"https:\/\/www.iltemporale.it\/it\/wp-content\/uploads\/2021\/05\/Il-Mulino-di-Bentivoglio-visita-guidata.jpg 1888w, https:\/\/www.iltemporale.it\/it\/wp-content\/uploads\/2021\/05\/Il-Mulino-di-Bentivoglio-visita-guidata-300x300.jpg 300w, https:\/\/www.iltemporale.it\/it\/wp-content\/uploads\/2021\/05\/Il-Mulino-di-Bentivoglio-visita-guidata-1024x1024.jpg 1024w, https:\/\/www.iltemporale.it\/it\/wp-content\/uploads\/2021\/05\/Il-Mulino-di-Bentivoglio-visita-guidata-150x150.jpg 150w, https:\/\/www.iltemporale.it\/it\/wp-content\/uploads\/2021\/05\/Il-Mulino-di-Bentivoglio-visita-guidata-768x768.jpg 768w, https:\/\/www.iltemporale.it\/it\/wp-content\/uploads\/2021\/05\/Il-Mulino-di-Bentivoglio-visita-guidata-1536x1536.jpg 1536w\" sizes=\"auto, (max-width: 400px) 100vw, 400px\" \/><\/a><\/td><td class=\"has-text-align-center\" data-align=\"center\"><a href=\"http:\/\/www.iltemporale.it\/it\/evento\/collage-ne\/\"><img loading=\"lazy\" decoding=\"async\" width=\"400\" height=\"398\" class=\"wp-image-4293\" style=\"width: 400px;\" src=\"http:\/\/www.iltemporale.it\/it\/wp-content\/uploads\/2021\/05\/Collage_ne-teatro-Bentivoglio.jpg\" alt=\"\" srcset=\"https:\/\/www.iltemporale.it\/it\/wp-content\/uploads\/2021\/05\/Collage_ne-teatro-Bentivoglio.jpg 780w, https:\/\/www.iltemporale.it\/it\/wp-content\/uploads\/2021\/05\/Collage_ne-teatro-Bentivoglio-300x300.jpg 300w, https:\/\/www.iltemporale.it\/it\/wp-content\/uploads\/2021\/05\/Collage_ne-teatro-Bentivoglio-150x150.jpg 150w, https:\/\/www.iltemporale.it\/it\/wp-content\/uploads\/2021\/05\/Collage_ne-teatro-Bentivoglio-768x765.jpg 768w, https:\/\/www.iltemporale.it\/it\/wp-content\/uploads\/2021\/05\/Collage_ne-teatro-Bentivoglio-301x300.jpg 301w\" sizes=\"auto, (max-width: 400px) 100vw, 400px\" \/><\/a><\/td><\/tr><\/tbody><\/table><\/figure>\n\n\n\n<div style=\"height:28px\" aria-hidden=\"true\" class=\"wp-block-spacer\"><\/div>\n\n\n\n<h2 class=\"has-text-align-center wp-block-heading\"><strong><span style=\"color:#ff6900\" class=\"tadv-color\">Venerd\u00ec 9 Luglio 2021<\/span><\/strong><\/h2>\n\n\n\n<div style=\"height:28px\" aria-hidden=\"true\" class=\"wp-block-spacer\"><\/div>\n\n\n\n<figure class=\"wp-block-table aligncenter\"><table><thead><tr><th class=\"has-text-align-center\" data-align=\"center\">Il marchese Carlo Alberto Pizzardi a Bentivoglio<\/th><\/tr><\/thead><tbody><tr><td class=\"has-text-align-center\" data-align=\"center\">Venerd\u00ec 9 Luglio 2021 \u2013 ore 20,00<\/td><\/tr><tr><td class=\"has-text-align-center\" data-align=\"center\"><a href=\"http:\/\/www.iltemporale.it\/it\/evento\/visita-guidata-il-marchese-carlo-alberto-pizzardi-a-bentivoglio\/\"><img loading=\"lazy\" decoding=\"async\" width=\"400\" height=\"400\" class=\"wp-image-4390\" style=\"width: 400px;\" src=\"http:\/\/www.iltemporale.it\/it\/wp-content\/uploads\/2021\/05\/Il-Marchese-Carlo-Alberto-Pizzardi-visita-guidata.jpg\" alt=\"\" srcset=\"https:\/\/www.iltemporale.it\/it\/wp-content\/uploads\/2021\/05\/Il-Marchese-Carlo-Alberto-Pizzardi-visita-guidata.jpg 1889w, https:\/\/www.iltemporale.it\/it\/wp-content\/uploads\/2021\/05\/Il-Marchese-Carlo-Alberto-Pizzardi-visita-guidata-300x300.jpg 300w, https:\/\/www.iltemporale.it\/it\/wp-content\/uploads\/2021\/05\/Il-Marchese-Carlo-Alberto-Pizzardi-visita-guidata-1024x1024.jpg 1024w, https:\/\/www.iltemporale.it\/it\/wp-content\/uploads\/2021\/05\/Il-Marchese-Carlo-Alberto-Pizzardi-visita-guidata-150x150.jpg 150w, https:\/\/www.iltemporale.it\/it\/wp-content\/uploads\/2021\/05\/Il-Marchese-Carlo-Alberto-Pizzardi-visita-guidata-768x768.jpg 768w, https:\/\/www.iltemporale.it\/it\/wp-content\/uploads\/2021\/05\/Il-Marchese-Carlo-Alberto-Pizzardi-visita-guidata-1536x1536.jpg 1536w\" sizes=\"auto, (max-width: 400px) 100vw, 400px\" \/><\/a><\/td><\/tr><\/tbody><\/table><\/figure>\n\n\n\n<div style=\"height:28px\" aria-hidden=\"true\" class=\"wp-block-spacer\"><\/div>\n\n\n\n<h2>Le Radici &#8211; Le Gioie e i Dolori<br \/>Le Trasformazioni e la Rinascita<\/h2>\n<h4>ore 21.00<\/h4>\n\n\n\n<figure class=\"wp-block-image size-large\"><a href=\"http:\/\/www.iltemporale.it\/it\/evento\/le-radici-le-gioie-e-i-dolori-le-trasformazioni-e-la-rinascita\/\" target=\"_blank\" rel=\"noopener\"><img loading=\"lazy\" decoding=\"async\" width=\"1024\" height=\"512\" src=\"http:\/\/www.iltemporale.it\/it\/wp-content\/uploads\/2021\/05\/Ramin-Bahrami_Associazione-Culturale_Il-Temporale-1024x512.jpg\" alt=\"\" class=\"wp-image-4284\" srcset=\"https:\/\/www.iltemporale.it\/it\/wp-content\/uploads\/2021\/05\/Ramin-Bahrami_Associazione-Culturale_Il-Temporale-1024x512.jpg 1024w, https:\/\/www.iltemporale.it\/it\/wp-content\/uploads\/2021\/05\/Ramin-Bahrami_Associazione-Culturale_Il-Temporale-300x150.jpg 300w, https:\/\/www.iltemporale.it\/it\/wp-content\/uploads\/2021\/05\/Ramin-Bahrami_Associazione-Culturale_Il-Temporale-768x384.jpg 768w, https:\/\/www.iltemporale.it\/it\/wp-content\/uploads\/2021\/05\/Ramin-Bahrami_Associazione-Culturale_Il-Temporale-1536x768.jpg 1536w, https:\/\/www.iltemporale.it\/it\/wp-content\/uploads\/2021\/05\/Ramin-Bahrami_Associazione-Culturale_Il-Temporale-500x250.jpg 500w, https:\/\/www.iltemporale.it\/it\/wp-content\/uploads\/2021\/05\/Ramin-Bahrami_Associazione-Culturale_Il-Temporale-400x200.jpg 400w, https:\/\/www.iltemporale.it\/it\/wp-content\/uploads\/2021\/05\/Ramin-Bahrami_Associazione-Culturale_Il-Temporale.jpg 1553w\" sizes=\"auto, (max-width: 1024px) 100vw, 1024px\" \/><\/a><\/figure>\n\n\n\n<div style=\"height:28px\" aria-hidden=\"true\" class=\"wp-block-spacer\"><\/div>\n\n\n\n<h2 class=\"has-text-align-center wp-block-heading\"><strong><span style=\"color:#ff6900\" class=\"tadv-color\">Venerd\u00ec 16 luglio 2021<\/span><\/strong><\/h2>\n\n\n\n<div style=\"height:28px\" aria-hidden=\"true\" class=\"wp-block-spacer\"><\/div>\n\n\n\n<figure class=\"wp-block-table\"><table><thead><tr><th class=\"has-text-align-center\" data-align=\"center\"><strong>Il restauratore Alfonso Rubbiani a Bentivoglio<\/strong><\/th><th class=\"has-text-align-center\" data-align=\"center\"><strong>Due sul lettino<\/strong><\/th><\/tr><\/thead><tbody><tr><td class=\"has-text-align-center\" data-align=\"center\">ore 20,00<\/td><td class=\"has-text-align-center\" data-align=\"center\">ore 21,00<\/td><\/tr><tr><td class=\"has-text-align-center\" data-align=\"center\"><a href=\"http:\/\/www.iltemporale.it\/it\/evento\/visita-guidata-il-restauratore-alfonso-rubbiani-a-bentivoglio\/\"><img loading=\"lazy\" decoding=\"async\" width=\"400\" height=\"400\" class=\"wp-image-4391\" style=\"width: 400px;\" src=\"http:\/\/www.iltemporale.it\/it\/wp-content\/uploads\/2021\/05\/Il-restauratore-Alfonso-Rubbiani-visita-guidata.jpg\" alt=\"\" srcset=\"https:\/\/www.iltemporale.it\/it\/wp-content\/uploads\/2021\/05\/Il-restauratore-Alfonso-Rubbiani-visita-guidata.jpg 1888w, https:\/\/www.iltemporale.it\/it\/wp-content\/uploads\/2021\/05\/Il-restauratore-Alfonso-Rubbiani-visita-guidata-300x300.jpg 300w, https:\/\/www.iltemporale.it\/it\/wp-content\/uploads\/2021\/05\/Il-restauratore-Alfonso-Rubbiani-visita-guidata-1024x1024.jpg 1024w, https:\/\/www.iltemporale.it\/it\/wp-content\/uploads\/2021\/05\/Il-restauratore-Alfonso-Rubbiani-visita-guidata-150x150.jpg 150w, https:\/\/www.iltemporale.it\/it\/wp-content\/uploads\/2021\/05\/Il-restauratore-Alfonso-Rubbiani-visita-guidata-768x768.jpg 768w, https:\/\/www.iltemporale.it\/it\/wp-content\/uploads\/2021\/05\/Il-restauratore-Alfonso-Rubbiani-visita-guidata-1536x1536.jpg 1536w\" sizes=\"auto, (max-width: 400px) 100vw, 400px\" \/><\/a><\/td><td class=\"has-text-align-center\" data-align=\"center\"><a href=\"http:\/\/www.iltemporale.it\/it\/evento\/due-sul-lettino\/\"><img loading=\"lazy\" decoding=\"async\" width=\"400\" height=\"399\" class=\"wp-image-4295\" style=\"width: 400px;\" src=\"http:\/\/www.iltemporale.it\/it\/wp-content\/uploads\/2021\/05\/Due-sul-lettino-teatro-Bentivoglio.jpg\" alt=\"\" srcset=\"https:\/\/www.iltemporale.it\/it\/wp-content\/uploads\/2021\/05\/Due-sul-lettino-teatro-Bentivoglio.jpg 780w, https:\/\/www.iltemporale.it\/it\/wp-content\/uploads\/2021\/05\/Due-sul-lettino-teatro-Bentivoglio-300x300.jpg 300w, https:\/\/www.iltemporale.it\/it\/wp-content\/uploads\/2021\/05\/Due-sul-lettino-teatro-Bentivoglio-150x150.jpg 150w, https:\/\/www.iltemporale.it\/it\/wp-content\/uploads\/2021\/05\/Due-sul-lettino-teatro-Bentivoglio-768x766.jpg 768w, https:\/\/www.iltemporale.it\/it\/wp-content\/uploads\/2021\/05\/Due-sul-lettino-teatro-Bentivoglio-301x300.jpg 301w\" sizes=\"auto, (max-width: 400px) 100vw, 400px\" \/><\/a><\/td><\/tr><\/tbody><\/table><\/figure>\n\n\n\n<div style=\"height:28px\" aria-hidden=\"true\" class=\"wp-block-spacer\"><\/div>\n\n\n\n<h2 class=\"has-text-align-center wp-block-heading\"><strong><span style=\"color:#ff6900\" class=\"tadv-color\">Venerd\u00ec 23 luglio 2021<\/span><\/strong><\/h2>\n\n\n\n<div style=\"height:28px\" aria-hidden=\"true\" class=\"wp-block-spacer\"><\/div>\n\n\n\n<figure class=\"wp-block-table\"><table><thead><tr><th class=\"has-text-align-center\" data-align=\"center\"><strong>Il canale Navile<\/strong><\/th><th class=\"has-text-align-center\" data-align=\"center\"><strong>Il condominio<\/strong><\/th><\/tr><\/thead><tbody><tr><td class=\"has-text-align-center\" data-align=\"center\">ore 20,00<\/td><td class=\"has-text-align-center\" data-align=\"center\">ore 21,00<\/td><\/tr><tr><td class=\"has-text-align-center\" data-align=\"center\"><a href=\"http:\/\/www.iltemporale.it\/it\/evento\/visita-guidata-il-canale-navile\/\"><img loading=\"lazy\" decoding=\"async\" width=\"400\" height=\"400\" class=\"wp-image-4392\" style=\"width: 400px;\" src=\"http:\/\/www.iltemporale.it\/it\/wp-content\/uploads\/2021\/05\/Il-canale-Navile-visita-guidata.jpg\" alt=\"\" srcset=\"https:\/\/www.iltemporale.it\/it\/wp-content\/uploads\/2021\/05\/Il-canale-Navile-visita-guidata.jpg 1892w, https:\/\/www.iltemporale.it\/it\/wp-content\/uploads\/2021\/05\/Il-canale-Navile-visita-guidata-300x300.jpg 300w, https:\/\/www.iltemporale.it\/it\/wp-content\/uploads\/2021\/05\/Il-canale-Navile-visita-guidata-1024x1024.jpg 1024w, https:\/\/www.iltemporale.it\/it\/wp-content\/uploads\/2021\/05\/Il-canale-Navile-visita-guidata-150x150.jpg 150w, https:\/\/www.iltemporale.it\/it\/wp-content\/uploads\/2021\/05\/Il-canale-Navile-visita-guidata-768x768.jpg 768w, https:\/\/www.iltemporale.it\/it\/wp-content\/uploads\/2021\/05\/Il-canale-Navile-visita-guidata-1536x1536.jpg 1536w\" sizes=\"auto, (max-width: 400px) 100vw, 400px\" \/><\/a><\/td><td class=\"has-text-align-center\" data-align=\"center\"><a href=\"http:\/\/www.iltemporale.it\/it\/evento\/il-condominio-teatro\/\"><img loading=\"lazy\" decoding=\"async\" width=\"400\" height=\"397\" class=\"wp-image-4298\" style=\"width: 400px;\" src=\"http:\/\/www.iltemporale.it\/it\/wp-content\/uploads\/2021\/05\/Il-condominio-teatro-Bentivoglio.jpg\" alt=\"\" srcset=\"https:\/\/www.iltemporale.it\/it\/wp-content\/uploads\/2021\/05\/Il-condominio-teatro-Bentivoglio.jpg 781w, https:\/\/www.iltemporale.it\/it\/wp-content\/uploads\/2021\/05\/Il-condominio-teatro-Bentivoglio-300x298.jpg 300w, https:\/\/www.iltemporale.it\/it\/wp-content\/uploads\/2021\/05\/Il-condominio-teatro-Bentivoglio-150x150.jpg 150w, https:\/\/www.iltemporale.it\/it\/wp-content\/uploads\/2021\/05\/Il-condominio-teatro-Bentivoglio-768x763.jpg 768w, https:\/\/www.iltemporale.it\/it\/wp-content\/uploads\/2021\/05\/Il-condominio-teatro-Bentivoglio-302x300.jpg 302w\" sizes=\"auto, (max-width: 400px) 100vw, 400px\" \/><\/a><\/td><\/tr><\/tbody><\/table><\/figure>\n\n\n\n<div style=\"height:30px\" aria-hidden=\"true\" class=\"wp-block-spacer\"><\/div>\n\n\n\n<p class=\"has-text-align-center\" style=\"font-size:24px\"><strong>INGRESSO <\/strong>&nbsp;&nbsp;<strong>\u2192<\/strong>&nbsp;&nbsp;<a href=\"http:\/\/teze.statocivile.it:7070\/\"><strong>PRENOTAZIONE OBBLIGATORIA<\/strong><\/a><\/p>\n\n\n\n<div style=\"height:50px\" aria-hidden=\"true\" class=\"wp-block-spacer\"><\/div>\n","protected":false},"excerpt":{"rendered":"<p>XXV\u00b0 FESTIVAL INTERNAZIONALE DI MUSICA DA CAMERA &#8220;OLTRE IL FOSSATO!&#8221; Il XXV Festival Internazionale Musica da Camera 2021, potremmo chiamarlo d&#8217;Argento, come al raggiungimento del quarto di secolo di una [&hellip;]<\/p>\n","protected":false},"author":1,"featured_media":0,"parent":0,"menu_order":0,"comment_status":"closed","ping_status":"closed","template":"","meta":{"site-sidebar-layout":"default","site-content-layout":"","ast-site-content-layout":"default","site-content-style":"default","site-sidebar-style":"default","ast-global-header-display":"","ast-banner-title-visibility":"","ast-main-header-display":"","ast-hfb-above-header-display":"","ast-hfb-below-header-display":"","ast-hfb-mobile-header-display":"","site-post-title":"","ast-breadcrumbs-content":"","ast-featured-img":"","footer-sml-layout":"","ast-disable-related-posts":"","theme-transparent-header-meta":"","adv-header-id-meta":"","stick-header-meta":"","header-above-stick-meta":"","header-main-stick-meta":"","header-below-stick-meta":"","astra-migrate-meta-layouts":"default","ast-page-background-enabled":"default","ast-page-background-meta":{"desktop":{"background-color":"var(--ast-global-color-5)","background-image":"","background-repeat":"repeat","background-position":"center center","background-size":"auto","background-attachment":"scroll","background-type":"","background-media":"","overlay-type":"","overlay-color":"","overlay-opacity":"","overlay-gradient":""},"tablet":{"background-color":"","background-image":"","background-repeat":"repeat","background-position":"center center","background-size":"auto","background-attachment":"scroll","background-type":"","background-media":"","overlay-type":"","overlay-color":"","overlay-opacity":"","overlay-gradient":""},"mobile":{"background-color":"","background-image":"","background-repeat":"repeat","background-position":"center center","background-size":"auto","background-attachment":"scroll","background-type":"","background-media":"","overlay-type":"","overlay-color":"","overlay-opacity":"","overlay-gradient":""}},"ast-content-background-meta":{"desktop":{"background-color":"var(--ast-global-color-4)","background-image":"","background-repeat":"repeat","background-position":"center center","background-size":"auto","background-attachment":"scroll","background-type":"","background-media":"","overlay-type":"","overlay-color":"","overlay-opacity":"","overlay-gradient":""},"tablet":{"background-color":"var(--ast-global-color-4)","background-image":"","background-repeat":"repeat","background-position":"center center","background-size":"auto","background-attachment":"scroll","background-type":"","background-media":"","overlay-type":"","overlay-color":"","overlay-opacity":"","overlay-gradient":""},"mobile":{"background-color":"var(--ast-global-color-4)","background-image":"","background-repeat":"repeat","background-position":"center center","background-size":"auto","background-attachment":"scroll","background-type":"","background-media":"","overlay-type":"","overlay-color":"","overlay-opacity":"","overlay-gradient":""}},"footnotes":""},"class_list":["post-4181","page","type-page","status-publish","hentry"],"yoast_head":"<!-- This site is optimized with the Yoast SEO plugin v27.5 - https:\/\/yoast.com\/product\/yoast-seo-wordpress\/ -->\r\n<title>XXV\u00b0 Festival 2021 -<\/title>\r\n<meta name=\"description\" content=\"Il XXV\u00b0 FESTIVAL INTERNAZIONALE DI MUSICA DA CAMERA 2021 potremmo chiamarlo d&#039;Argento, come al raggiungimento del quarto di secolo di una felice unione\" \/>\r\n<meta name=\"robots\" content=\"index, follow, max-snippet:-1, max-image-preview:large, max-video-preview:-1\" \/>\r\n<link rel=\"canonical\" href=\"https:\/\/www.iltemporale.it\/it\/xxv-festival-2021\/\" \/>\r\n<meta property=\"og:locale\" content=\"it_IT\" \/>\r\n<meta property=\"og:type\" content=\"article\" \/>\r\n<meta property=\"og:title\" content=\"XXV\u00b0 Festival 2021 -\" \/>\r\n<meta property=\"og:description\" content=\"Il XXV\u00b0 FESTIVAL INTERNAZIONALE DI MUSICA DA CAMERA 2021 potremmo chiamarlo d&#039;Argento, come al raggiungimento del quarto di secolo di una felice unione\" \/>\r\n<meta property=\"og:url\" content=\"https:\/\/www.iltemporale.it\/it\/xxv-festival-2021\/\" \/>\r\n<meta property=\"article:publisher\" content=\"https:\/\/www.facebook.com\/pages\/category\/Nonprofit-Organization\/ASSOCIAZIONE-CULTURALE-IL-TEMPORALE-140967012635154\/\" \/>\r\n<meta property=\"article:modified_time\" content=\"2021-11-28T19:26:04+00:00\" \/>\r\n<meta property=\"og:image\" content=\"http:\/\/www.iltemporale.it\/it\/wp-content\/uploads\/2021\/11\/XXV-Festival-musica-da-camera-719x1024.jpg\" \/>\r\n<meta name=\"twitter:card\" content=\"summary_large_image\" \/>\r\n<meta name=\"twitter:label1\" content=\"Tempo di lettura stimato\" \/>\n\t<meta name=\"twitter:data1\" content=\"9 minuti\" \/>\r\n<script type=\"application\/ld+json\" class=\"yoast-schema-graph\">{\"@context\":\"https:\\\/\\\/schema.org\",\"@graph\":[{\"@type\":\"WebPage\",\"@id\":\"https:\\\/\\\/www.iltemporale.it\\\/it\\\/xxv-festival-2021\\\/\",\"url\":\"https:\\\/\\\/www.iltemporale.it\\\/it\\\/xxv-festival-2021\\\/\",\"name\":\"XXV\u00b0 Festival 2021 -\",\"isPartOf\":{\"@id\":\"https:\\\/\\\/www.iltemporale.it\\\/it\\\/#website\"},\"primaryImageOfPage\":{\"@id\":\"https:\\\/\\\/www.iltemporale.it\\\/it\\\/xxv-festival-2021\\\/#primaryimage\"},\"image\":{\"@id\":\"https:\\\/\\\/www.iltemporale.it\\\/it\\\/xxv-festival-2021\\\/#primaryimage\"},\"thumbnailUrl\":\"http:\\\/\\\/www.iltemporale.it\\\/it\\\/wp-content\\\/uploads\\\/2021\\\/11\\\/XXV-Festival-musica-da-camera-719x1024.jpg\",\"datePublished\":\"2021-05-04T18:04:45+00:00\",\"dateModified\":\"2021-11-28T19:26:04+00:00\",\"description\":\"Il XXV\u00b0 FESTIVAL INTERNAZIONALE DI MUSICA DA CAMERA 2021 potremmo chiamarlo d'Argento, come al raggiungimento del quarto di secolo di una felice unione\",\"breadcrumb\":{\"@id\":\"https:\\\/\\\/www.iltemporale.it\\\/it\\\/xxv-festival-2021\\\/#breadcrumb\"},\"inLanguage\":\"it-IT\",\"potentialAction\":[{\"@type\":\"ReadAction\",\"target\":[\"https:\\\/\\\/www.iltemporale.it\\\/it\\\/xxv-festival-2021\\\/\"]}]},{\"@type\":\"ImageObject\",\"inLanguage\":\"it-IT\",\"@id\":\"https:\\\/\\\/www.iltemporale.it\\\/it\\\/xxv-festival-2021\\\/#primaryimage\",\"url\":\"https:\\\/\\\/www.iltemporale.it\\\/it\\\/wp-content\\\/uploads\\\/2021\\\/11\\\/XXV-Festival-musica-da-camera.jpg\",\"contentUrl\":\"https:\\\/\\\/www.iltemporale.it\\\/it\\\/wp-content\\\/uploads\\\/2021\\\/11\\\/XXV-Festival-musica-da-camera.jpg\",\"width\":1063,\"height\":1514,\"caption\":\"XXV Festival musica da camera\"},{\"@type\":\"BreadcrumbList\",\"@id\":\"https:\\\/\\\/www.iltemporale.it\\\/it\\\/xxv-festival-2021\\\/#breadcrumb\",\"itemListElement\":[{\"@type\":\"ListItem\",\"position\":1,\"name\":\"Home\",\"item\":\"https:\\\/\\\/www.iltemporale.it\\\/it\\\/\"},{\"@type\":\"ListItem\",\"position\":2,\"name\":\"XXV\u00b0 Festival 2021\"}]},{\"@type\":\"WebSite\",\"@id\":\"https:\\\/\\\/www.iltemporale.it\\\/it\\\/#website\",\"url\":\"https:\\\/\\\/www.iltemporale.it\\\/it\\\/\",\"name\":\"Il Temporale Associazione Culturale\",\"description\":\"\",\"publisher\":{\"@id\":\"https:\\\/\\\/www.iltemporale.it\\\/it\\\/#organization\"},\"potentialAction\":[{\"@type\":\"SearchAction\",\"target\":{\"@type\":\"EntryPoint\",\"urlTemplate\":\"https:\\\/\\\/www.iltemporale.it\\\/it\\\/?s={search_term_string}\"},\"query-input\":{\"@type\":\"PropertyValueSpecification\",\"valueRequired\":true,\"valueName\":\"search_term_string\"}}],\"inLanguage\":\"it-IT\"},{\"@type\":\"Organization\",\"@id\":\"https:\\\/\\\/www.iltemporale.it\\\/it\\\/#organization\",\"name\":\"ASSOCIAZIONE CULTURALE IL TEMPORALE APS\",\"url\":\"https:\\\/\\\/www.iltemporale.it\\\/it\\\/\",\"logo\":{\"@type\":\"ImageObject\",\"inLanguage\":\"it-IT\",\"@id\":\"https:\\\/\\\/www.iltemporale.it\\\/it\\\/#\\\/schema\\\/logo\\\/image\\\/\",\"url\":\"https:\\\/\\\/www.iltemporale.it\\\/it\\\/wp-content\\\/uploads\\\/2025\\\/11\\\/cropped-cropped-Logo-IL-TEMPORALE-1.jpg\",\"contentUrl\":\"https:\\\/\\\/www.iltemporale.it\\\/it\\\/wp-content\\\/uploads\\\/2025\\\/11\\\/cropped-cropped-Logo-IL-TEMPORALE-1.jpg\",\"width\":2174,\"height\":1093,\"caption\":\"ASSOCIAZIONE CULTURALE IL TEMPORALE APS\"},\"image\":{\"@id\":\"https:\\\/\\\/www.iltemporale.it\\\/it\\\/#\\\/schema\\\/logo\\\/image\\\/\"},\"sameAs\":[\"https:\\\/\\\/www.facebook.com\\\/pages\\\/category\\\/Nonprofit-Organization\\\/ASSOCIAZIONE-CULTURALE-IL-TEMPORALE-140967012635154\\\/\",\"https:\\\/\\\/www.instagram.com\\\/iltemporaleaps\\\/\",\"https:\\\/\\\/www.youtube.com\\\/@scuoladimusicailtemporale7327\"]}]}<\/script>\r\n<!-- \/ Yoast SEO plugin. -->","yoast_head_json":{"title":"XXV\u00b0 Festival 2021 -","description":"Il XXV\u00b0 FESTIVAL INTERNAZIONALE DI MUSICA DA CAMERA 2021 potremmo chiamarlo d'Argento, come al raggiungimento del quarto di secolo di una felice unione","robots":{"index":"index","follow":"follow","max-snippet":"max-snippet:-1","max-image-preview":"max-image-preview:large","max-video-preview":"max-video-preview:-1"},"canonical":"https:\/\/www.iltemporale.it\/it\/xxv-festival-2021\/","og_locale":"it_IT","og_type":"article","og_title":"XXV\u00b0 Festival 2021 -","og_description":"Il XXV\u00b0 FESTIVAL INTERNAZIONALE DI MUSICA DA CAMERA 2021 potremmo chiamarlo d'Argento, come al raggiungimento del quarto di secolo di una felice unione","og_url":"https:\/\/www.iltemporale.it\/it\/xxv-festival-2021\/","article_publisher":"https:\/\/www.facebook.com\/pages\/category\/Nonprofit-Organization\/ASSOCIAZIONE-CULTURALE-IL-TEMPORALE-140967012635154\/","article_modified_time":"2021-11-28T19:26:04+00:00","og_image":[{"url":"http:\/\/www.iltemporale.it\/it\/wp-content\/uploads\/2021\/11\/XXV-Festival-musica-da-camera-719x1024.jpg","type":"","width":"","height":""}],"twitter_card":"summary_large_image","twitter_misc":{"Tempo di lettura stimato":"9 minuti"},"schema":{"@context":"https:\/\/schema.org","@graph":[{"@type":"WebPage","@id":"https:\/\/www.iltemporale.it\/it\/xxv-festival-2021\/","url":"https:\/\/www.iltemporale.it\/it\/xxv-festival-2021\/","name":"XXV\u00b0 Festival 2021 -","isPartOf":{"@id":"https:\/\/www.iltemporale.it\/it\/#website"},"primaryImageOfPage":{"@id":"https:\/\/www.iltemporale.it\/it\/xxv-festival-2021\/#primaryimage"},"image":{"@id":"https:\/\/www.iltemporale.it\/it\/xxv-festival-2021\/#primaryimage"},"thumbnailUrl":"http:\/\/www.iltemporale.it\/it\/wp-content\/uploads\/2021\/11\/XXV-Festival-musica-da-camera-719x1024.jpg","datePublished":"2021-05-04T18:04:45+00:00","dateModified":"2021-11-28T19:26:04+00:00","description":"Il XXV\u00b0 FESTIVAL INTERNAZIONALE DI MUSICA DA CAMERA 2021 potremmo chiamarlo d'Argento, come al raggiungimento del quarto di secolo di una felice unione","breadcrumb":{"@id":"https:\/\/www.iltemporale.it\/it\/xxv-festival-2021\/#breadcrumb"},"inLanguage":"it-IT","potentialAction":[{"@type":"ReadAction","target":["https:\/\/www.iltemporale.it\/it\/xxv-festival-2021\/"]}]},{"@type":"ImageObject","inLanguage":"it-IT","@id":"https:\/\/www.iltemporale.it\/it\/xxv-festival-2021\/#primaryimage","url":"https:\/\/www.iltemporale.it\/it\/wp-content\/uploads\/2021\/11\/XXV-Festival-musica-da-camera.jpg","contentUrl":"https:\/\/www.iltemporale.it\/it\/wp-content\/uploads\/2021\/11\/XXV-Festival-musica-da-camera.jpg","width":1063,"height":1514,"caption":"XXV Festival musica da camera"},{"@type":"BreadcrumbList","@id":"https:\/\/www.iltemporale.it\/it\/xxv-festival-2021\/#breadcrumb","itemListElement":[{"@type":"ListItem","position":1,"name":"Home","item":"https:\/\/www.iltemporale.it\/it\/"},{"@type":"ListItem","position":2,"name":"XXV\u00b0 Festival 2021"}]},{"@type":"WebSite","@id":"https:\/\/www.iltemporale.it\/it\/#website","url":"https:\/\/www.iltemporale.it\/it\/","name":"Il Temporale Associazione Culturale","description":"","publisher":{"@id":"https:\/\/www.iltemporale.it\/it\/#organization"},"potentialAction":[{"@type":"SearchAction","target":{"@type":"EntryPoint","urlTemplate":"https:\/\/www.iltemporale.it\/it\/?s={search_term_string}"},"query-input":{"@type":"PropertyValueSpecification","valueRequired":true,"valueName":"search_term_string"}}],"inLanguage":"it-IT"},{"@type":"Organization","@id":"https:\/\/www.iltemporale.it\/it\/#organization","name":"ASSOCIAZIONE CULTURALE IL TEMPORALE APS","url":"https:\/\/www.iltemporale.it\/it\/","logo":{"@type":"ImageObject","inLanguage":"it-IT","@id":"https:\/\/www.iltemporale.it\/it\/#\/schema\/logo\/image\/","url":"https:\/\/www.iltemporale.it\/it\/wp-content\/uploads\/2025\/11\/cropped-cropped-Logo-IL-TEMPORALE-1.jpg","contentUrl":"https:\/\/www.iltemporale.it\/it\/wp-content\/uploads\/2025\/11\/cropped-cropped-Logo-IL-TEMPORALE-1.jpg","width":2174,"height":1093,"caption":"ASSOCIAZIONE CULTURALE IL TEMPORALE APS"},"image":{"@id":"https:\/\/www.iltemporale.it\/it\/#\/schema\/logo\/image\/"},"sameAs":["https:\/\/www.facebook.com\/pages\/category\/Nonprofit-Organization\/ASSOCIAZIONE-CULTURALE-IL-TEMPORALE-140967012635154\/","https:\/\/www.instagram.com\/iltemporaleaps\/","https:\/\/www.youtube.com\/@scuoladimusicailtemporale7327"]}]}},"_links":{"self":[{"href":"https:\/\/www.iltemporale.it\/it\/wp-json\/wp\/v2\/pages\/4181","targetHints":{"allow":["GET"]}}],"collection":[{"href":"https:\/\/www.iltemporale.it\/it\/wp-json\/wp\/v2\/pages"}],"about":[{"href":"https:\/\/www.iltemporale.it\/it\/wp-json\/wp\/v2\/types\/page"}],"author":[{"embeddable":true,"href":"https:\/\/www.iltemporale.it\/it\/wp-json\/wp\/v2\/users\/1"}],"replies":[{"embeddable":true,"href":"https:\/\/www.iltemporale.it\/it\/wp-json\/wp\/v2\/comments?post=4181"}],"version-history":[{"count":56,"href":"https:\/\/www.iltemporale.it\/it\/wp-json\/wp\/v2\/pages\/4181\/revisions"}],"predecessor-version":[{"id":4621,"href":"https:\/\/www.iltemporale.it\/it\/wp-json\/wp\/v2\/pages\/4181\/revisions\/4621"}],"wp:attachment":[{"href":"https:\/\/www.iltemporale.it\/it\/wp-json\/wp\/v2\/media?parent=4181"}],"curies":[{"name":"wp","href":"https:\/\/api.w.org\/{rel}","templated":true}]}}